{"version":"1.0","provider_name":"consuladoespanolfrancia.com","provider_url":"https:\/\/consuladoespanolfrancia.com\/fr","author_name":"adjemien.zacharie@gmail.com","author_url":"https:\/\/consuladoespanolfrancia.com\/fr\/author\/adjemien-zachariegmail-com\/","title":"Tienda - consuladoespanolfrancia.com","type":"rich","width":600,"height":338,"html":"<blockquote class=\"wp-embedded-content\" data-secret=\"dlKNlX3EAr\"><a href=\"https:\/\/consuladoespanolfrancia.com\/fr\/tiendaonline\/\">Tienda<\/a><\/blockquote><iframe sandbox=\"allow-scripts\" security=\"restricted\" src=\"https:\/\/consuladoespanolfrancia.com\/fr\/tiendaonline\/embed\/#?secret=dlKNlX3EAr\" width=\"600\" height=\"338\" title=\"\u00ab\u00a0Tienda\u00a0\u00bb &#8212; consuladoespanolfrancia.com\" data-secret=\"dlKNlX3EAr\" frameborder=\"0\" marginwidth=\"0\" marginheight=\"0\" scrolling=\"no\" class=\"wp-embedded-content\"><\/iframe><script>\n\/*! This file is auto-generated *\/\n!function(d,l){\"use strict\";l.querySelector&&d.addEventListener&&\"undefined\"!=typeof URL&&(d.wp=d.wp||{},d.wp.receiveEmbedMessage||(d.wp.receiveEmbedMessage=function(e){var t=e.data;if((t||t.secret||t.message||t.value)&&!\/[^a-zA-Z0-9]\/.test(t.secret)){for(var s,r,n,a=l.querySelectorAll('iframe[data-secret=\"'+t.secret+'\"]'),o=l.querySelectorAll('blockquote[data-secret=\"'+t.secret+'\"]'),c=new RegExp(\"^https?:$\",\"i\"),i=0;i<o.length;i++)o[i].style.display=\"none\";for(i=0;i<a.length;i++)s=a[i],e.source===s.contentWindow&&(s.removeAttribute(\"style\"),\"height\"===t.message?(1e3<(r=parseInt(t.value,10))?r=1e3:~~r<200&&(r=200),s.height=r):\"link\"===t.message&&(r=new URL(s.getAttribute(\"src\")),n=new URL(t.value),c.test(n.protocol))&&n.host===r.host&&l.activeElement===s&&(d.top.location.href=t.value))}},d.addEventListener(\"message\",d.wp.receiveEmbedMessage,!1),l.addEventListener(\"DOMContentLoaded\",function(){for(var e,t,s=l.querySelectorAll(\"iframe.wp-embedded-content\"),r=0;r<s.length;r++)(t=(e=s[r]).getAttribute(\"data-secret\"))||(t=Math.random().toString(36).substring(2,12),e.src+=\"#?secret=\"+t,e.setAttribute(\"data-secret\",t)),e.contentWindow.postMessage({message:\"ready\",secret:t},\"*\")},!1)))}(window,document);\n<\/script>","description":"tienda nuestras mejores selecciones Educaci\u00f3n Agenda 2025 &#8211; 2026 Profesora Fern\u00e1ndez 11,38\u20ac \u00a1Lo quiero! Educaci\u00f3n Cuaderno de Lecturas \u2013 Profesora Fern\u00e1ndez 15,35\u20ac \u00a1Lo quiero! Educaci\u00f3n Agenda Profe de Espa\u00f1ol 2025\u20132026 \u2013 Profesora Fern\u00e1ndez 14,40\u20ac \u00a1Lo quiero! Sobre la Profesora Fern\u00e1ndez Silvia Fern\u00e1ndez S\u00e1nchez, m\u00e1s conocida como la Profesora Fern\u00e1ndez, es una docente creativa y comprometida [&hellip;]","thumbnail_url":"https:\/\/consuladoespanolfrancia.com\/wp-content\/uploads\/2025\/06\/71HCxdHCKCL._SL1499_.jpg","thumbnail_width":1000,"thumbnail_height":1499}