{"id":16,"date":"2025-06-16T22:52:35","date_gmt":"2025-06-16T22:52:35","guid":{"rendered":"https:\/\/consuladoespanolfrancia.com\/properties\/"},"modified":"2025-08-23T18:44:43","modified_gmt":"2025-08-23T18:44:43","slug":"tiendaonline","status":"publish","type":"page","link":"https:\/\/consuladoespanolfrancia.com\/fr\/tiendaonline\/","title":{"rendered":"Tienda"},"content":{"rendered":"<div data-elementor-type=\"wp-post\" data-elementor-id=\"16\" class=\"elementor elementor-16\">\n\t\t\t\t<div class=\"elementor-element elementor-element-ca2ef92 e-flex e-con-boxed e-con e-parent\" data-id=\"ca2ef92\" data-element_type=\"container\" data-e-type=\"container\" data-settings=\"{&quot;background_background&quot;:&quot;classic&quot;}\">\n\t\t\t\t\t<div class=\"e-con-inner\">\n\t\t<div class=\"elementor-element elementor-element-f4c203c e-con-full e-flex e-con e-child\" data-id=\"f4c203c\" data-element_type=\"container\" data-e-type=\"container\">\n\t\t\t\t<div class=\"elementor-element elementor-element-8c7a296 elementor-widget elementor-widget-heading\" data-id=\"8c7a296\" data-element_type=\"widget\" data-e-type=\"widget\" data-widget_type=\"heading.default\">\n\t\t\t\t<div class=\"elementor-widget-container\">\n\t\t\t\t\t<h2 class=\"elementor-heading-title elementor-size-default\">boutique<\/h2>\t\t\t\t<\/div>\n\t\t\t\t<\/div>\n\t\t\t\t<div class=\"elementor-element elementor-element-36e1b49 elementor-widget-divider--view-line elementor-widget elementor-widget-divider\" data-id=\"36e1b49\" data-element_type=\"widget\" data-e-type=\"widget\" data-widget_type=\"divider.default\">\n\t\t\t\t<div class=\"elementor-widget-container\">\n\t\t\t\t\t\t\t<div class=\"elementor-divider\">\n\t\t\t<span class=\"elementor-divider-separator\">\n\t\t\t\t\t\t<\/span>\n\t\t<\/div>\n\t\t\t\t\t\t<\/div>\n\t\t\t\t<\/div>\n\t\t\t\t<\/div>\n\t\t\t\t\t<\/div>\n\t\t\t\t<\/div>\n\t\t<div class=\"elementor-element elementor-element-a50ac2a e-flex e-con-boxed e-con e-parent\" data-id=\"a50ac2a\" data-element_type=\"container\" data-e-type=\"container\" data-settings=\"{&quot;background_background&quot;:&quot;classic&quot;}\">\n\t\t\t\t\t<div class=\"e-con-inner\">\n\t\t<div class=\"elementor-element elementor-element-6ec4091 e-con-full e-flex e-con e-child\" data-id=\"6ec4091\" data-element_type=\"container\" data-e-type=\"container\">\n\t\t\t\t<div class=\"elementor-element elementor-element-63994a0 elementor-widget elementor-widget-heading\" data-id=\"63994a0\" data-element_type=\"widget\" data-e-type=\"widget\" data-widget_type=\"heading.default\">\n\t\t\t\t<div class=\"elementor-widget-container\">\n\t\t\t\t\t<h2 class=\"elementor-heading-title elementor-size-default\">NOTRE CATALOGUE<\/h2>\t\t\t\t<\/div>\n\t\t\t\t<\/div>\n\t\t\t\t<div class=\"elementor-element elementor-element-7f958e2 elementor-widget-divider--view-line elementor-widget elementor-widget-divider\" data-id=\"7f958e2\" data-element_type=\"widget\" data-e-type=\"widget\" data-widget_type=\"divider.default\">\n\t\t\t\t<div class=\"elementor-widget-container\">\n\t\t\t\t\t\t\t<div class=\"elementor-divider\">\n\t\t\t<span class=\"elementor-divider-separator\">\n\t\t\t\t\t\t<\/span>\n\t\t<\/div>\n\t\t\t\t\t\t<\/div>\n\t\t\t\t<\/div>\n\t\t<div class=\"elementor-element elementor-element-4303b4b e-flex e-con-boxed e-con e-child\" data-id=\"4303b4b\" data-element_type=\"container\" data-e-type=\"container\">\n\t\t\t\t\t<div class=\"e-con-inner\">\n\t\t<div class=\"elementor-element elementor-element-d10215d e-con-full e-flex e-con e-child\" data-id=\"d10215d\" data-element_type=\"container\" data-e-type=\"container\">\n\t\t\t\t<div class=\"elementor-element elementor-element-1b8ef11 elementor-widget elementor-widget-image\" data-id=\"1b8ef11\" data-element_type=\"widget\" data-e-type=\"widget\" data-widget_type=\"image.default\">\n\t\t\t\t<div class=\"elementor-widget-container\">\n\t\t\t\t\t\t\t\t\t\t\t\t\t\t\t\t<a href=\"#\">\n\t\t\t\t\t\t\t<img fetchpriority=\"high\" decoding=\"async\" width=\"1000\" height=\"1499\" src=\"https:\/\/consuladoespanolfrancia.com\/wp-content\/uploads\/2025\/06\/71HCxdHCKCL._SL1499_.jpg\" class=\"attachment-full size-full wp-image-2206\" alt=\"\" srcset=\"https:\/\/consuladoespanolfrancia.com\/wp-content\/uploads\/2025\/06\/71HCxdHCKCL._SL1499_.jpg 1000w, https:\/\/consuladoespanolfrancia.com\/wp-content\/uploads\/2025\/06\/71HCxdHCKCL._SL1499_-600x899.jpg 600w, https:\/\/consuladoespanolfrancia.com\/wp-content\/uploads\/2025\/06\/71HCxdHCKCL._SL1499_-200x300.jpg 200w, https:\/\/consuladoespanolfrancia.com\/wp-content\/uploads\/2025\/06\/71HCxdHCKCL._SL1499_-683x1024.jpg 683w, https:\/\/consuladoespanolfrancia.com\/wp-content\/uploads\/2025\/06\/71HCxdHCKCL._SL1499_-768x1151.jpg 768w\" sizes=\"(max-width: 1000px) 100vw, 1000px\" \/>\t\t\t\t\t\t\t\t<\/a>\n\t\t\t\t\t\t\t\t\t\t\t\t\t\t\t<\/div>\n\t\t\t\t<\/div>\n\t\t\t\t<div class=\"elementor-element elementor-element-dd76ebc elementor-align-start elementor-icon-list--layout-traditional elementor-list-item-link-full_width elementor-widget elementor-widget-icon-list\" data-id=\"dd76ebc\" data-element_type=\"widget\" data-e-type=\"widget\" data-widget_type=\"icon-list.default\">\n\t\t\t\t<div class=\"elementor-widget-container\">\n\t\t\t\t\t\t\t<ul class=\"elementor-icon-list-items\">\n\t\t\t\t\t\t\t<li class=\"elementor-icon-list-item\">\n\t\t\t\t\t\t\t\t\t\t\t<span class=\"elementor-icon-list-icon\">\n\t\t\t\t\t\t\t<i aria-hidden=\"true\" class=\"far fa-calendar-alt\"><\/i>\t\t\t\t\t\t<\/span>\n\t\t\t\t\t\t\t\t\t\t<span class=\"elementor-icon-list-text\">\u00c9ducation<\/span>\n\t\t\t\t\t\t\t\t\t<\/li>\n\t\t\t\t\t\t<\/ul>\n\t\t\t\t\t\t<\/div>\n\t\t\t\t<\/div>\n\t\t\t\t<div class=\"elementor-element elementor-element-426a4d9 elementor-widget elementor-widget-heading\" data-id=\"426a4d9\" data-element_type=\"widget\" data-e-type=\"widget\" data-widget_type=\"heading.default\">\n\t\t\t\t<div class=\"elementor-widget-container\">\n\t\t\t\t\t<h3 class=\"elementor-heading-title elementor-size-default\"><a href=\"#\">Agenda 2025 - 2026 Profesora Fern\u00e1ndez<\/a><\/h3>\t\t\t\t<\/div>\n\t\t\t\t<\/div>\n\t\t\t\t<div class=\"elementor-element elementor-element-c13057a elementor-widget elementor-widget-heading\" data-id=\"c13057a\" data-element_type=\"widget\" data-e-type=\"widget\" data-widget_type=\"heading.default\">\n\t\t\t\t<div class=\"elementor-widget-container\">\n\t\t\t\t\t<h5 class=\"elementor-heading-title elementor-size-default\"><span class=\"a-price-whole\" style=\", Arial, sans-serif;font-size: 28px;text-transform: none\">11<span class=\"a-price-decimal\" style=\"opacity: 0;position: absolute\">,<\/span><\/span><span class=\"a-price-fraction\" style=\"position: relative;top: -0.75em;font-size: 13px;, Arial, sans-serif;text-transform: none\">38<\/span><span class=\"a-price-symbol\" style=\"left: 0.2em;position: relative;top: -0.75em;font-size: 13px;, Arial, sans-serif;text-transform: none\">\u20ac<\/span><\/h5>\t\t\t\t<\/div>\n\t\t\t\t<\/div>\n\t\t\t\t<div class=\"elementor-element elementor-element-5972b08 elementor-widget elementor-widget-button\" data-id=\"5972b08\" data-element_type=\"widget\" data-e-type=\"widget\" data-widget_type=\"button.default\">\n\t\t\t\t<div class=\"elementor-widget-container\">\n\t\t\t\t\t\t\t\t\t<div class=\"elementor-button-wrapper\">\n\t\t\t\t\t<a class=\"elementor-button elementor-button-link elementor-size-sm\" href=\"https:\/\/www.amazon.fr\/Agenda-2025-2026-Profesora-Fern%C3%A1ndez\/dp\/B0F6LL8D2J\" target=\"_blank\">\n\t\t\t\t\t\t<span class=\"elementor-button-content-wrapper\">\n\t\t\t\t\t\t\t\t\t<span class=\"elementor-button-text\">Je l\u2019adopte !<\/span>\n\t\t\t\t\t<\/span>\n\t\t\t\t\t<\/a>\n\t\t\t\t<\/div>\n\t\t\t\t\t\t\t\t<\/div>\n\t\t\t\t<\/div>\n\t\t\t\t<\/div>\n\t\t<div class=\"elementor-element elementor-element-f1a673a e-con-full e-flex e-con e-child\" data-id=\"f1a673a\" data-element_type=\"container\" data-e-type=\"container\">\n\t\t\t\t<div class=\"elementor-element elementor-element-edae608 elementor-widget elementor-widget-image\" data-id=\"edae608\" data-element_type=\"widget\" data-e-type=\"widget\" data-widget_type=\"image.default\">\n\t\t\t\t<div class=\"elementor-widget-container\">\n\t\t\t\t\t\t\t\t\t\t\t\t\t\t\t\t<a href=\"#\">\n\t\t\t\t\t\t\t<img decoding=\"async\" width=\"342\" height=\"442\" src=\"https:\/\/consuladoespanolfrancia.com\/wp-content\/uploads\/2025\/07\/41BQaxROmGL._SX342_SY445_PQ88_.jpg\" class=\"attachment-full size-full wp-image-2220\" alt=\"\" srcset=\"https:\/\/consuladoespanolfrancia.com\/wp-content\/uploads\/2025\/07\/41BQaxROmGL._SX342_SY445_PQ88_.jpg 342w, https:\/\/consuladoespanolfrancia.com\/wp-content\/uploads\/2025\/07\/41BQaxROmGL._SX342_SY445_PQ88_-232x300.jpg 232w\" sizes=\"(max-width: 342px) 100vw, 342px\" \/>\t\t\t\t\t\t\t\t<\/a>\n\t\t\t\t\t\t\t\t\t\t\t\t\t\t\t<\/div>\n\t\t\t\t<\/div>\n\t\t\t\t<div class=\"elementor-element elementor-element-6c3d1cf elementor-align-start elementor-icon-list--layout-traditional elementor-list-item-link-full_width elementor-widget elementor-widget-icon-list\" data-id=\"6c3d1cf\" data-element_type=\"widget\" data-e-type=\"widget\" data-widget_type=\"icon-list.default\">\n\t\t\t\t<div class=\"elementor-widget-container\">\n\t\t\t\t\t\t\t<ul class=\"elementor-icon-list-items\">\n\t\t\t\t\t\t\t<li class=\"elementor-icon-list-item\">\n\t\t\t\t\t\t\t\t\t\t\t<span class=\"elementor-icon-list-icon\">\n\t\t\t\t\t\t\t<i aria-hidden=\"true\" class=\"far fa-calendar-alt\"><\/i>\t\t\t\t\t\t<\/span>\n\t\t\t\t\t\t\t\t\t\t<span class=\"elementor-icon-list-text\">\u00c9ducation<\/span>\n\t\t\t\t\t\t\t\t\t<\/li>\n\t\t\t\t\t\t<\/ul>\n\t\t\t\t\t\t<\/div>\n\t\t\t\t<\/div>\n\t\t\t\t<div class=\"elementor-element elementor-element-b37d45a elementor-widget elementor-widget-heading\" data-id=\"b37d45a\" data-element_type=\"widget\" data-e-type=\"widget\" data-widget_type=\"heading.default\">\n\t\t\t\t<div class=\"elementor-widget-container\">\n\t\t\t\t\t<h3 class=\"elementor-heading-title elementor-size-default\"><a href=\"#\">Cuaderno de Lecturas \u2013 Profesora Fern\u00e1ndez<\/a><\/h3>\t\t\t\t<\/div>\n\t\t\t\t<\/div>\n\t\t\t\t<div class=\"elementor-element elementor-element-68fae7a elementor-widget elementor-widget-heading\" data-id=\"68fae7a\" data-element_type=\"widget\" data-e-type=\"widget\" data-widget_type=\"heading.default\">\n\t\t\t\t<div class=\"elementor-widget-container\">\n\t\t\t\t\t<h5 class=\"elementor-heading-title elementor-size-default\"><span class=\"a-price-whole\" style=\", Arial, sans-serif;font-size: 28px;text-transform: none\">15<span class=\"a-price-decimal\" style=\"opacity: 0;position: absolute\">,<\/span><\/span><span class=\"a-price-fraction\" style=\"position: relative;top: -0.75em;font-size: 13px;, Arial, sans-serif;text-transform: none\">35<\/span><span class=\"a-price-symbol\" style=\"left: 0.2em;position: relative;top: -0.75em;font-size: 13px;, Arial, sans-serif;text-transform: none\">\u20ac<\/span><\/h5>\t\t\t\t<\/div>\n\t\t\t\t<\/div>\n\t\t\t\t<div class=\"elementor-element elementor-element-67aa874 elementor-widget elementor-widget-button\" data-id=\"67aa874\" data-element_type=\"widget\" data-e-type=\"widget\" data-widget_type=\"button.default\">\n\t\t\t\t<div class=\"elementor-widget-container\">\n\t\t\t\t\t\t\t\t\t<div class=\"elementor-button-wrapper\">\n\t\t\t\t\t<a class=\"elementor-button elementor-button-link elementor-size-sm\" href=\"https:\/\/www.amazon.fr\/Cuaderno-lecturas-Silvia-Fern%C3%A1ndez-S%C3%A1nchez\/dp\/B0CTMTK9C6\/ref=sr_1_fkmr1_1?__mk_fr_FR=%C3%85M%C3%85%C5%BD%C3%95%C3%91&#038;crid=1I0MNQUTAWVER&#038;dib=eyJ2IjoiMSJ9.yAggzTc2OZo_z706u-Tk1JkVxAVBhVuW00fBYEMVuwMjblN0p71jgaqkAPx8dgL72UkTDuyPyddmQWoorD0pu0BuiH6pF3tZPuS__vurQSitvoK0nnH6a0Bu0BLYO6Pr.j6g5xluHodRU4qIorkhAJ-aIcAa_SI-iMq8hRBN57B0&#038;dib_tag=se&#038;keywords=cuaderno+de+lectura+profesora+fernandez&#038;qid=1755346741&#038;sprefix=cuanderno+de+lectura+profesora+fernandez%2Caps%2C150&#038;sr=8-1-fkmr1\" target=\"_blank\">\n\t\t\t\t\t\t<span class=\"elementor-button-content-wrapper\">\n\t\t\t\t\t\t\t\t\t<span class=\"elementor-button-text\">Je l\u2019adopte !<\/span>\n\t\t\t\t\t<\/span>\n\t\t\t\t\t<\/a>\n\t\t\t\t<\/div>\n\t\t\t\t\t\t\t\t<\/div>\n\t\t\t\t<\/div>\n\t\t\t\t<\/div>\n\t\t<div class=\"elementor-element elementor-element-86b7521 e-con-full e-flex e-con e-child\" data-id=\"86b7521\" data-element_type=\"container\" data-e-type=\"container\">\n\t\t\t\t<div class=\"elementor-element elementor-element-7ed1753 elementor-widget elementor-widget-image\" data-id=\"7ed1753\" data-element_type=\"widget\" data-e-type=\"widget\" data-widget_type=\"image.default\">\n\t\t\t\t<div class=\"elementor-widget-container\">\n\t\t\t\t\t\t\t\t\t\t\t\t\t\t\t\t<a href=\"#\">\n\t\t\t\t\t\t\t<img decoding=\"async\" width=\"1000\" height=\"1293\" src=\"https:\/\/consuladoespanolfrancia.com\/wp-content\/uploads\/2025\/07\/71U2xXA-YL._SL1293_.jpg\" class=\"attachment-full size-full wp-image-2221\" alt=\"\" srcset=\"https:\/\/consuladoespanolfrancia.com\/wp-content\/uploads\/2025\/07\/71U2xXA-YL._SL1293_.jpg 1000w, https:\/\/consuladoespanolfrancia.com\/wp-content\/uploads\/2025\/07\/71U2xXA-YL._SL1293_-600x776.jpg 600w, https:\/\/consuladoespanolfrancia.com\/wp-content\/uploads\/2025\/07\/71U2xXA-YL._SL1293_-232x300.jpg 232w, https:\/\/consuladoespanolfrancia.com\/wp-content\/uploads\/2025\/07\/71U2xXA-YL._SL1293_-792x1024.jpg 792w, https:\/\/consuladoespanolfrancia.com\/wp-content\/uploads\/2025\/07\/71U2xXA-YL._SL1293_-768x993.jpg 768w\" sizes=\"(max-width: 1000px) 100vw, 1000px\" \/>\t\t\t\t\t\t\t\t<\/a>\n\t\t\t\t\t\t\t\t\t\t\t\t\t\t\t<\/div>\n\t\t\t\t<\/div>\n\t\t\t\t<div class=\"elementor-element elementor-element-d27c664 elementor-align-start elementor-icon-list--layout-traditional elementor-list-item-link-full_width elementor-widget elementor-widget-icon-list\" data-id=\"d27c664\" data-element_type=\"widget\" data-e-type=\"widget\" data-widget_type=\"icon-list.default\">\n\t\t\t\t<div class=\"elementor-widget-container\">\n\t\t\t\t\t\t\t<ul class=\"elementor-icon-list-items\">\n\t\t\t\t\t\t\t<li class=\"elementor-icon-list-item\">\n\t\t\t\t\t\t\t\t\t\t\t<span class=\"elementor-icon-list-icon\">\n\t\t\t\t\t\t\t<i aria-hidden=\"true\" class=\"far fa-calendar-alt\"><\/i>\t\t\t\t\t\t<\/span>\n\t\t\t\t\t\t\t\t\t\t<span class=\"elementor-icon-list-text\">\u00c9ducation<\/span>\n\t\t\t\t\t\t\t\t\t<\/li>\n\t\t\t\t\t\t<\/ul>\n\t\t\t\t\t\t<\/div>\n\t\t\t\t<\/div>\n\t\t\t\t<div class=\"elementor-element elementor-element-4de17ff elementor-widget elementor-widget-heading\" data-id=\"4de17ff\" data-element_type=\"widget\" data-e-type=\"widget\" data-widget_type=\"heading.default\">\n\t\t\t\t<div class=\"elementor-widget-container\">\n\t\t\t\t\t<h4 class=\"elementor-heading-title elementor-size-default\"><a href=\"#\"><br>Agenda Profe de Espa\u00f1ol 2025\u20132026 \u2013 Profesora Fern\u00e1ndez<\/a><\/h4>\t\t\t\t<\/div>\n\t\t\t\t<\/div>\n\t\t\t\t<div class=\"elementor-element elementor-element-65042fc elementor-widget elementor-widget-heading\" data-id=\"65042fc\" data-element_type=\"widget\" data-e-type=\"widget\" data-widget_type=\"heading.default\">\n\t\t\t\t<div class=\"elementor-widget-container\">\n\t\t\t\t\t<h5 class=\"elementor-heading-title elementor-size-default\"><span class=\"a-price-whole\" style=\", Arial, sans-serif;font-size: 28px;text-transform: none\">14<span class=\"a-price-decimal\" style=\"opacity: 0;position: absolute\">,<\/span><\/span><span class=\"a-price-fraction\" style=\"position: relative;top: -0.75em;font-size: 13px;, Arial, sans-serif;text-transform: none\">40<\/span><span class=\"a-price-symbol\" style=\"left: 0.2em;position: relative;top: -0.75em;font-size: 13px;, Arial, sans-serif;text-transform: none\">\u20ac<\/span><\/h5>\t\t\t\t<\/div>\n\t\t\t\t<\/div>\n\t\t\t\t<div class=\"elementor-element elementor-element-acabcfc elementor-widget elementor-widget-button\" data-id=\"acabcfc\" data-element_type=\"widget\" data-e-type=\"widget\" data-widget_type=\"button.default\">\n\t\t\t\t<div class=\"elementor-widget-container\">\n\t\t\t\t\t\t\t\t\t<div class=\"elementor-button-wrapper\">\n\t\t\t\t\t<a class=\"elementor-button elementor-button-link elementor-size-sm\" href=\"https:\/\/www.amazon.fr\/Carnet-bord-2025-2026-despagnol-classique\/dp\/B0F5P65YKX\/ref=pd_bxgy_d_sccl_2\/262-3216778-7144125?pd_rd_w=uyvhj&#038;content-id=amzn1.sym.6d74588d-d473-4523-ade2-87afcdbad55e&#038;pf_rd_p=6d74588d-d473-4523-ade2-87afcdbad55e&#038;pf_rd_r=J4QW3GDJEEHMQQMTRGV9&#038;pd_rd_wg=76iVP&#038;pd_rd_r=6e44ca17-f0d1-4f83-b923-9e157e47a779&#038;pd_rd_i=B0F5P65YKX&#038;psc=1\" target=\"_blank\">\n\t\t\t\t\t\t<span class=\"elementor-button-content-wrapper\">\n\t\t\t\t\t\t\t\t\t<span class=\"elementor-button-text\">Je l\u2019adopte !<\/span>\n\t\t\t\t\t<\/span>\n\t\t\t\t\t<\/a>\n\t\t\t\t<\/div>\n\t\t\t\t\t\t\t\t<\/div>\n\t\t\t\t<\/div>\n\t\t\t\t<\/div>\n\t\t\t\t\t<\/div>\n\t\t\t\t<\/div>\n\t\t<div class=\"elementor-element elementor-element-656fad9 e-flex e-con-boxed e-con e-child\" data-id=\"656fad9\" data-element_type=\"container\" data-e-type=\"container\">\n\t\t\t\t\t<div class=\"e-con-inner\">\n\t\t\t\t\t<\/div>\n\t\t\t\t<\/div>\n\t\t\t\t<\/div>\n\t\t\t\t\t<\/div>\n\t\t\t\t<\/div>\n\t\t<div class=\"elementor-element elementor-element-2e4cff7 e-grid e-con-boxed e-con e-parent\" data-id=\"2e4cff7\" data-element_type=\"container\" data-e-type=\"container\">\n\t\t\t\t\t<div class=\"e-con-inner\">\n\t\t\t\t<div class=\"elementor-element elementor-element-aa484bf elementor-widget elementor-widget-image\" data-id=\"aa484bf\" data-element_type=\"widget\" data-e-type=\"widget\" data-widget_type=\"image.default\">\n\t\t\t\t<div class=\"elementor-widget-container\">\n\t\t\t\t\t\t\t\t\t\t\t\t\t\t\t<img loading=\"lazy\" decoding=\"async\" width=\"946\" height=\"886\" src=\"https:\/\/consuladoespanolfrancia.com\/wp-content\/uploads\/2025\/07\/Capture-decran-2025-07-01-205115.png\" class=\"attachment-large size-large wp-image-2226\" alt=\"\" srcset=\"https:\/\/consuladoespanolfrancia.com\/wp-content\/uploads\/2025\/07\/Capture-decran-2025-07-01-205115.png 946w, https:\/\/consuladoespanolfrancia.com\/wp-content\/uploads\/2025\/07\/Capture-decran-2025-07-01-205115-600x562.png 600w, https:\/\/consuladoespanolfrancia.com\/wp-content\/uploads\/2025\/07\/Capture-decran-2025-07-01-205115-300x281.png 300w, https:\/\/consuladoespanolfrancia.com\/wp-content\/uploads\/2025\/07\/Capture-decran-2025-07-01-205115-768x719.png 768w\" sizes=\"(max-width: 946px) 100vw, 946px\" \/>\t\t\t\t\t\t\t\t\t\t\t\t\t\t\t<\/div>\n\t\t\t\t<\/div>\n\t\t\t\t<div class=\"elementor-element elementor-element-de7f40c elementor-widget elementor-widget-text-editor\" data-id=\"de7f40c\" data-element_type=\"widget\" data-e-type=\"widget\" data-widget_type=\"text-editor.default\">\n\t\t\t\t<div class=\"elementor-widget-container\">\n\t\t\t\t\t\t\t\t\t<p><style><span data-mce-type=\"bookmark\" style=\"display: inline-block; width: 0px; overflow: hidden; line-height: 0;\" class=\"mce_SELRES_start\">\ufeff<\/span><br \/>  .bio-box {<br \/>    max-width: 880px;<br \/>    margin: 40px auto;<br \/>    padding: 25px;<br \/>    background-color: #fffaf9;<br \/>    border: 2px solid #e60026;<br \/>    border-radius: 12px;<br \/>    font-family: 'Segoe UI', sans-serif;<br \/>    color: #333;<br \/>    line-height: 1.6;<br \/>    box-shadow: 0 0 8px rgba(0, 0, 0, 0.03);<br \/>  }<\/p>\n<p>  .bio-box h2 {<br \/>    font-size: 22px;<br \/>    color: #e60026;<br \/>    margin-bottom: 15px;<br \/>  }<\/p>\n<p>  .bio-box strong {<br \/>    color: #3A4FFF;<br \/>  }<\/p>\n<p>  .bio-box a {<br \/>    color: #e60026;<br \/>    text-decoration: none;<br \/>    font-weight: 600;<br \/>  }<\/p>\n<p>  .bio-box a:hover {<br \/>    color: #3A4FFF;<br \/>    text-decoration: underline;<br \/>  }<\/p>\n<p>  .social-links {<br \/>    margin-top: 18px;<br \/>  }<\/p>\n<p>  .social-links span {<br \/>    display: inline-block;<br \/>    margin-right: 20px;<br \/>    font-weight: 600;<br \/>  }<br \/><\/style><\/p><div class=\"bio-box\"><h2>Qui est la Profesora Fern\u00e1ndez ?<\/h2><p><strong>Silvia Fern\u00e1ndez S\u00e1nchez<\/strong>, plus connue sous le nom <em>de Profesora Fern\u00e1ndez<\/em>, est une enseignante cr\u00e9ative et engag\u00e9e dans la promotion de l\u2019espagnol. Avec une approche dynamique et accessible, elle con\u00e7oit des supports p\u00e9dagogiques pens\u00e9s pour inspirer celles et ceux qui enseignent l\u2019espagnol, en France comme \u00e0 l\u2019international.<\/p><p>Ses agendas, cahiers et ressources allient organisation, couleur, utilit\u00e9 et une touche culturelle unique, en faisant des outils pratiques et attrayants pour les enseignants de tous niveaux.<\/p><p>Elle collabore actuellement avec <strong><a href=\"https:\/\/consuladoespanolenfrancia.com\" target=\"_blank\" rel=\"noopener\">consuladoespanolenfrancia.com<\/a><\/strong>, o\u00f9 elle partage des contenus utiles destin\u00e9s \u00e0 la communaut\u00e9 hispanophone r\u00e9sidant en France.<\/p><p><img decoding=\"async\" class=\"emoji\" role=\"img\" draggable=\"false\" src=\"https:\/\/s.w.org\/images\/core\/emoji\/16.0.1\/svg\/1f4a1.svg\" alt=\"\ud83d\udca1\" \/> <em>Sa devise :<\/em> \u00ab Organisation, couleur et proximit\u00e9 pour enseigner avec joie \u00bb.<\/p><div class=\"social-links\"><a href=\"\/fr\/profesorafernandez10@gmail.com\/\">profesorafernandez10@gmail.com<\/a> <br \/><a href=\"https:\/\/www.instagram.com\/profesorafernandez\" target=\"_blank\" rel=\"noopener\">Instagram<\/a><br \/><a href=\"https:\/\/www.tiktok.com\/@profesorafernandez\" target=\"_blank\" rel=\"noopener\">TikTok<\/a><\/div><\/div>\t\t\t\t\t\t\t\t<\/div>\n\t\t\t\t<\/div>\n\t\t\t\t\t<\/div>\n\t\t\t\t<\/div>\n\t\t\t\t<\/div>","protected":false},"excerpt":{"rendered":"<p>tienda nuestras mejores selecciones Educaci\u00f3n Agenda 2025 &#8211; 2026 Profesora Fern\u00e1ndez 11,38\u20ac \u00a1Lo quiero! Educaci\u00f3n Cuaderno de Lecturas \u2013 Profesora Fern\u00e1ndez 15,35\u20ac \u00a1Lo quiero! Educaci\u00f3n Agenda Profe de Espa\u00f1ol 2025\u20132026 \u2013 Profesora Fern\u00e1ndez 14,40\u20ac \u00a1Lo quiero! Sobre la Profesora Fern\u00e1ndez Silvia Fern\u00e1ndez S\u00e1nchez, m\u00e1s conocida como la Profesora Fern\u00e1ndez, es una docente creativa y comprometida [&hellip;]<\/p>","protected":false},"author":1,"featured_media":0,"parent":0,"menu_order":0,"comment_status":"closed","ping_status":"closed","template":"","meta":{"_uag_custom_page_level_css":"","site-sidebar-layout":"no-sidebar","site-content-layout":"page-builder","ast-site-content-layout":"full-width-container","site-content-style":"unboxed","site-sidebar-style":"unboxed","ast-global-header-display":"","ast-banner-title-visibility":"","ast-main-header-display":"","ast-hfb-above-header-display":"","ast-hfb-below-header-display":"","ast-hfb-mobile-header-display":"","site-post-title":"disabled","ast-breadcrumbs-content":"disabled","ast-featured-img":"disabled","footer-sml-layout":"","ast-disable-related-posts":"","theme-transparent-header-meta":"disabled","adv-header-id-meta":"","stick-header-meta":"","header-above-stick-meta":"","header-main-stick-meta":"","header-below-stick-meta":"","astra-migrate-meta-layouts":"set","ast-page-background-enabled":"default","ast-page-background-meta":{"desktop":{"background-color":"","background-image":"","background-repeat":"repeat","background-position":"center center","background-size":"auto","background-attachment":"scroll","background-type":"","background-media":"","overlay-type":"","overlay-color":"","overlay-opacity":"","overlay-gradient":""},"tablet":{"background-color":"","background-image":"","background-repeat":"repeat","background-position":"center center","background-size":"auto","background-attachment":"scroll","background-type":"","background-media":"","overlay-type":"","overlay-color":"","overlay-opacity":"","overlay-gradient":""},"mobile":{"background-color":"","background-image":"","background-repeat":"repeat","background-position":"center center","background-size":"auto","background-attachment":"scroll","background-type":"","background-media":"","overlay-type":"","overlay-color":"","overlay-opacity":"","overlay-gradient":""}},"ast-content-background-meta":{"desktop":{"background-color":"var(--ast-global-color-5)","background-image":"","background-repeat":"repeat","background-position":"center center","background-size":"auto","background-attachment":"scroll","background-type":"","background-media":"","overlay-type":"","overlay-color":"","overlay-opacity":"","overlay-gradient":""},"tablet":{"background-color":"var(--ast-global-color-5)","background-image":"","background-repeat":"repeat","background-position":"center center","background-size":"auto","background-attachment":"scroll","background-type":"","background-media":"","overlay-type":"","overlay-color":"","overlay-opacity":"","overlay-gradient":""},"mobile":{"background-color":"var(--ast-global-color-5)","background-image":"","background-repeat":"repeat","background-position":"center center","background-size":"auto","background-attachment":"scroll","background-type":"","background-media":"","overlay-type":"","overlay-color":"","overlay-opacity":"","overlay-gradient":""}},"footnotes":""},"class_list":["post-16","page","type-page","status-publish","hentry"],"yoast_head":"<!-- This site is optimized with the Yoast SEO plugin v27.4 - https:\/\/yoast.com\/product\/yoast-seo-wordpress\/ -->\n<title>Tienda - consuladoespanolfrancia.com<\/title>\n<meta name=\"robots\" content=\"index, follow, max-snippet:-1, max-image-preview:large, max-video-preview:-1\" \/>\n<link rel=\"canonical\" href=\"https:\/\/consuladoespanolfrancia.com\/fr\/tiendaonline\/\" \/>\n<meta property=\"og:locale\" content=\"fr_FR\" \/>\n<meta property=\"og:type\" content=\"article\" \/>\n<meta property=\"og:title\" content=\"Tienda - consuladoespanolfrancia.com\" \/>\n<meta property=\"og:description\" content=\"tienda nuestras mejores selecciones Educaci\u00f3n Agenda 2025 &#8211; 2026 Profesora Fern\u00e1ndez 11,38\u20ac \u00a1Lo quiero! Educaci\u00f3n Cuaderno de Lecturas \u2013 Profesora Fern\u00e1ndez 15,35\u20ac \u00a1Lo quiero! Educaci\u00f3n Agenda Profe de Espa\u00f1ol 2025\u20132026 \u2013 Profesora Fern\u00e1ndez 14,40\u20ac \u00a1Lo quiero! Sobre la Profesora Fern\u00e1ndez Silvia Fern\u00e1ndez S\u00e1nchez, m\u00e1s conocida como la Profesora Fern\u00e1ndez, es una docente creativa y comprometida [&hellip;]\" \/>\n<meta property=\"og:url\" content=\"https:\/\/consuladoespanolfrancia.com\/fr\/tiendaonline\/\" \/>\n<meta property=\"og:site_name\" content=\"consuladoespanolfrancia.com\" \/>\n<meta property=\"article:modified_time\" content=\"2025-08-23T18:44:43+00:00\" \/>\n<meta property=\"og:image\" content=\"https:\/\/consuladoespanolfrancia.com\/wp-content\/uploads\/2025\/06\/71HCxdHCKCL._SL1499_.jpg\" \/>\n\t<meta property=\"og:image:width\" content=\"1000\" \/>\n\t<meta property=\"og:image:height\" content=\"1499\" \/>\n\t<meta property=\"og:image:type\" content=\"image\/jpeg\" \/>\n<meta name=\"twitter:card\" content=\"summary_large_image\" \/>\n<meta name=\"twitter:label1\" content=\"Dur\u00e9e de lecture estim\u00e9e\" \/>\n\t<meta name=\"twitter:data1\" content=\"6 minutes\" \/>\n<script type=\"application\/ld+json\" class=\"yoast-schema-graph\">{\"@context\":\"https:\\\/\\\/schema.org\",\"@graph\":[{\"@type\":\"WebPage\",\"@id\":\"https:\\\/\\\/consuladoespanolfrancia.com\\\/tiendaonline\\\/\",\"url\":\"https:\\\/\\\/consuladoespanolfrancia.com\\\/tiendaonline\\\/\",\"name\":\"Tienda - consuladoespanolfrancia.com\",\"isPartOf\":{\"@id\":\"https:\\\/\\\/consuladoespanolfrancia.com\\\/#website\"},\"primaryImageOfPage\":{\"@id\":\"https:\\\/\\\/consuladoespanolfrancia.com\\\/tiendaonline\\\/#primaryimage\"},\"image\":{\"@id\":\"https:\\\/\\\/consuladoespanolfrancia.com\\\/tiendaonline\\\/#primaryimage\"},\"thumbnailUrl\":\"https:\\\/\\\/consuladoespanolfrancia.com\\\/wp-content\\\/uploads\\\/2025\\\/06\\\/71HCxdHCKCL._SL1499_.jpg\",\"datePublished\":\"2025-06-16T22:52:35+00:00\",\"dateModified\":\"2025-08-23T18:44:43+00:00\",\"breadcrumb\":{\"@id\":\"https:\\\/\\\/consuladoespanolfrancia.com\\\/tiendaonline\\\/#breadcrumb\"},\"inLanguage\":\"fr-FR\",\"potentialAction\":[{\"@type\":\"ReadAction\",\"target\":[\"https:\\\/\\\/consuladoespanolfrancia.com\\\/tiendaonline\\\/\"]}]},{\"@type\":\"ImageObject\",\"inLanguage\":\"fr-FR\",\"@id\":\"https:\\\/\\\/consuladoespanolfrancia.com\\\/tiendaonline\\\/#primaryimage\",\"url\":\"https:\\\/\\\/consuladoespanolfrancia.com\\\/wp-content\\\/uploads\\\/2025\\\/06\\\/71HCxdHCKCL._SL1499_.jpg\",\"contentUrl\":\"https:\\\/\\\/consuladoespanolfrancia.com\\\/wp-content\\\/uploads\\\/2025\\\/06\\\/71HCxdHCKCL._SL1499_.jpg\"},{\"@type\":\"BreadcrumbList\",\"@id\":\"https:\\\/\\\/consuladoespanolfrancia.com\\\/tiendaonline\\\/#breadcrumb\",\"itemListElement\":[{\"@type\":\"ListItem\",\"position\":1,\"name\":\"Inicio\",\"item\":\"https:\\\/\\\/consuladoespanolfrancia.com\\\/\"},{\"@type\":\"ListItem\",\"position\":2,\"name\":\"Tienda\"}]},{\"@type\":\"WebSite\",\"@id\":\"https:\\\/\\\/consuladoespanolfrancia.com\\\/#website\",\"url\":\"https:\\\/\\\/consuladoespanolfrancia.com\\\/\",\"name\":\"consuladoespanolfrancia.com\",\"description\":\"Tr\u00e1mites, ayuda y orientaci\u00f3n para ciudadanos espa\u00f1oles en Francia.\",\"publisher\":{\"@id\":\"https:\\\/\\\/consuladoespanolfrancia.com\\\/#organization\"},\"potentialAction\":[{\"@type\":\"SearchAction\",\"target\":{\"@type\":\"EntryPoint\",\"urlTemplate\":\"https:\\\/\\\/consuladoespanolfrancia.com\\\/?s={search_term_string}\"},\"query-input\":{\"@type\":\"PropertyValueSpecification\",\"valueRequired\":true,\"valueName\":\"search_term_string\"}}],\"inLanguage\":\"fr-FR\"},{\"@type\":\"Organization\",\"@id\":\"https:\\\/\\\/consuladoespanolfrancia.com\\\/#organization\",\"name\":\"consuladoespanolfrancia.com\",\"url\":\"https:\\\/\\\/consuladoespanolfrancia.com\\\/\",\"logo\":{\"@type\":\"ImageObject\",\"inLanguage\":\"fr-FR\",\"@id\":\"https:\\\/\\\/consuladoespanolfrancia.com\\\/#\\\/schema\\\/logo\\\/image\\\/\",\"url\":\"https:\\\/\\\/consuladoespanolfrancia.com\\\/wp-content\\\/uploads\\\/2025\\\/08\\\/Capture-decran-2025-08-27-200532.png\",\"contentUrl\":\"https:\\\/\\\/consuladoespanolfrancia.com\\\/wp-content\\\/uploads\\\/2025\\\/08\\\/Capture-decran-2025-08-27-200532.png\",\"width\":538,\"height\":207,\"caption\":\"consuladoespanolfrancia.com\"},\"image\":{\"@id\":\"https:\\\/\\\/consuladoespanolfrancia.com\\\/#\\\/schema\\\/logo\\\/image\\\/\"},\"sameAs\":[\"https:\\\/\\\/www.instagram.com\\\/ayudaconsularenfrancia\\\/?hl=es\"]}]}<\/script>\n<!-- \/ Yoast SEO plugin. -->","yoast_head_json":{"title":"Tienda - consuladoespanolfrancia.com","robots":{"index":"index","follow":"follow","max-snippet":"max-snippet:-1","max-image-preview":"max-image-preview:large","max-video-preview":"max-video-preview:-1"},"canonical":"https:\/\/consuladoespanolfrancia.com\/fr\/tiendaonline\/","og_locale":"fr_FR","og_type":"article","og_title":"Tienda - consuladoespanolfrancia.com","og_description":"tienda nuestras mejores selecciones Educaci\u00f3n Agenda 2025 &#8211; 2026 Profesora Fern\u00e1ndez 11,38\u20ac \u00a1Lo quiero! Educaci\u00f3n Cuaderno de Lecturas \u2013 Profesora Fern\u00e1ndez 15,35\u20ac \u00a1Lo quiero! Educaci\u00f3n Agenda Profe de Espa\u00f1ol 2025\u20132026 \u2013 Profesora Fern\u00e1ndez 14,40\u20ac \u00a1Lo quiero! Sobre la Profesora Fern\u00e1ndez Silvia Fern\u00e1ndez S\u00e1nchez, m\u00e1s conocida como la Profesora Fern\u00e1ndez, es una docente creativa y comprometida [&hellip;]","og_url":"https:\/\/consuladoespanolfrancia.com\/fr\/tiendaonline\/","og_site_name":"consuladoespanolfrancia.com","article_modified_time":"2025-08-23T18:44:43+00:00","og_image":[{"width":1000,"height":1499,"url":"https:\/\/consuladoespanolfrancia.com\/wp-content\/uploads\/2025\/06\/71HCxdHCKCL._SL1499_.jpg","type":"image\/jpeg"}],"twitter_card":"summary_large_image","twitter_misc":{"Dur\u00e9e de lecture estim\u00e9e":"6 minutes"},"schema":{"@context":"https:\/\/schema.org","@graph":[{"@type":"WebPage","@id":"https:\/\/consuladoespanolfrancia.com\/tiendaonline\/","url":"https:\/\/consuladoespanolfrancia.com\/tiendaonline\/","name":"Tienda - consuladoespanolfrancia.com","isPartOf":{"@id":"https:\/\/consuladoespanolfrancia.com\/#website"},"primaryImageOfPage":{"@id":"https:\/\/consuladoespanolfrancia.com\/tiendaonline\/#primaryimage"},"image":{"@id":"https:\/\/consuladoespanolfrancia.com\/tiendaonline\/#primaryimage"},"thumbnailUrl":"https:\/\/consuladoespanolfrancia.com\/wp-content\/uploads\/2025\/06\/71HCxdHCKCL._SL1499_.jpg","datePublished":"2025-06-16T22:52:35+00:00","dateModified":"2025-08-23T18:44:43+00:00","breadcrumb":{"@id":"https:\/\/consuladoespanolfrancia.com\/tiendaonline\/#breadcrumb"},"inLanguage":"fr-FR","potentialAction":[{"@type":"ReadAction","target":["https:\/\/consuladoespanolfrancia.com\/tiendaonline\/"]}]},{"@type":"ImageObject","inLanguage":"fr-FR","@id":"https:\/\/consuladoespanolfrancia.com\/tiendaonline\/#primaryimage","url":"https:\/\/consuladoespanolfrancia.com\/wp-content\/uploads\/2025\/06\/71HCxdHCKCL._SL1499_.jpg","contentUrl":"https:\/\/consuladoespanolfrancia.com\/wp-content\/uploads\/2025\/06\/71HCxdHCKCL._SL1499_.jpg"},{"@type":"BreadcrumbList","@id":"https:\/\/consuladoespanolfrancia.com\/tiendaonline\/#breadcrumb","itemListElement":[{"@type":"ListItem","position":1,"name":"Inicio","item":"https:\/\/consuladoespanolfrancia.com\/"},{"@type":"ListItem","position":2,"name":"Tienda"}]},{"@type":"WebSite","@id":"https:\/\/consuladoespanolfrancia.com\/#website","url":"https:\/\/consuladoespanolfrancia.com\/","name":"consuladoespanolfrancia.com","description":"Tr\u00e1mites, ayuda y orientaci\u00f3n para ciudadanos espa\u00f1oles en Francia.","publisher":{"@id":"https:\/\/consuladoespanolfrancia.com\/#organization"},"potentialAction":[{"@type":"SearchAction","target":{"@type":"EntryPoint","urlTemplate":"https:\/\/consuladoespanolfrancia.com\/?s={search_term_string}"},"query-input":{"@type":"PropertyValueSpecification","valueRequired":true,"valueName":"search_term_string"}}],"inLanguage":"fr-FR"},{"@type":"Organization","@id":"https:\/\/consuladoespanolfrancia.com\/#organization","name":"consuladoespanolfrancia.com","url":"https:\/\/consuladoespanolfrancia.com\/","logo":{"@type":"ImageObject","inLanguage":"fr-FR","@id":"https:\/\/consuladoespanolfrancia.com\/#\/schema\/logo\/image\/","url":"https:\/\/consuladoespanolfrancia.com\/wp-content\/uploads\/2025\/08\/Capture-decran-2025-08-27-200532.png","contentUrl":"https:\/\/consuladoespanolfrancia.com\/wp-content\/uploads\/2025\/08\/Capture-decran-2025-08-27-200532.png","width":538,"height":207,"caption":"consuladoespanolfrancia.com"},"image":{"@id":"https:\/\/consuladoespanolfrancia.com\/#\/schema\/logo\/image\/"},"sameAs":["https:\/\/www.instagram.com\/ayudaconsularenfrancia\/?hl=es"]}]}},"uagb_featured_image_src":{"full":false,"thumbnail":false,"medium":false,"medium_large":false,"large":false,"1536x1536":false,"2048x2048":false,"trp-custom-language-flag":false,"woocommerce_thumbnail":false,"woocommerce_single":false,"woocommerce_gallery_thumbnail":false},"uagb_author_info":{"display_name":"adjemien.zacharie@gmail.com","author_link":"https:\/\/consuladoespanolfrancia.com\/fr\/author\/adjemien-zachariegmail-com\/"},"uagb_comment_info":0,"uagb_excerpt":"tienda nuestras mejores selecciones Educaci\u00f3n Agenda 2025 &#8211; 2026 Profesora Fern\u00e1ndez 11,38\u20ac \u00a1Lo quiero! Educaci\u00f3n Cuaderno de Lecturas \u2013 Profesora Fern\u00e1ndez 15,35\u20ac \u00a1Lo quiero! Educaci\u00f3n Agenda Profe de Espa\u00f1ol 2025\u20132026 \u2013 Profesora Fern\u00e1ndez 14,40\u20ac \u00a1Lo quiero! Sobre la Profesora Fern\u00e1ndez Silvia Fern\u00e1ndez S\u00e1nchez, m\u00e1s conocida como la Profesora Fern\u00e1ndez, es una docente creativa y comprometida\u2026","jetpack_sharing_enabled":true,"_links":{"self":[{"href":"https:\/\/consuladoespanolfrancia.com\/fr\/wp-json\/wp\/v2\/pages\/16","targetHints":{"allow":["GET"]}}],"collection":[{"href":"https:\/\/consuladoespanolfrancia.com\/fr\/wp-json\/wp\/v2\/pages"}],"about":[{"href":"https:\/\/consuladoespanolfrancia.com\/fr\/wp-json\/wp\/v2\/types\/page"}],"author":[{"embeddable":true,"href":"https:\/\/consuladoespanolfrancia.com\/fr\/wp-json\/wp\/v2\/users\/1"}],"replies":[{"embeddable":true,"href":"https:\/\/consuladoespanolfrancia.com\/fr\/wp-json\/wp\/v2\/comments?post=16"}],"version-history":[{"count":53,"href":"https:\/\/consuladoespanolfrancia.com\/fr\/wp-json\/wp\/v2\/pages\/16\/revisions"}],"predecessor-version":[{"id":2844,"href":"https:\/\/consuladoespanolfrancia.com\/fr\/wp-json\/wp\/v2\/pages\/16\/revisions\/2844"}],"wp:attachment":[{"href":"https:\/\/consuladoespanolfrancia.com\/fr\/wp-json\/wp\/v2\/media?parent=16"}],"curies":[{"name":"wp","href":"https:\/\/api.w.org\/{rel}","templated":true}]}}