{"id":2241,"date":"2025-07-13T12:38:24","date_gmt":"2025-07-13T12:38:24","guid":{"rendered":"https:\/\/consuladoespanolfrancia.com\/?page_id=2241"},"modified":"2025-08-27T19:05:57","modified_gmt":"2025-08-27T19:05:57","slug":"bayona","status":"publish","type":"page","link":"https:\/\/consuladoespanolfrancia.com\/fr\/bayona\/","title":{"rendered":"P\u00e1gina Bayona"},"content":{"rendered":"<div data-elementor-type=\"wp-page\" data-elementor-id=\"2241\" class=\"elementor elementor-2241\">\n\t\t\t\t<div class=\"elementor-element elementor-element-d623fad e-flex e-con-boxed e-con e-parent\" data-id=\"d623fad\" data-element_type=\"container\" data-e-type=\"container\">\n\t\t\t\t\t<div class=\"e-con-inner\">\n\t\t\t\t<div class=\"elementor-element elementor-element-0ab2438 elementor-widget elementor-widget-image\" data-id=\"0ab2438\" data-element_type=\"widget\" data-e-type=\"widget\" data-widget_type=\"image.default\">\n\t\t\t\t<div class=\"elementor-widget-container\">\n\t\t\t\t\t\t\t\t\t\t\t\t\t\t\t<img fetchpriority=\"high\" decoding=\"async\" width=\"1024\" height=\"540\" src=\"https:\/\/consuladoespanolfrancia.com\/wp-content\/uploads\/2025\/07\/Capture-decran-2025-07-13-134822-1-1024x540.png\" class=\"attachment-large size-large wp-image-2292\" alt=\"\" srcset=\"https:\/\/consuladoespanolfrancia.com\/wp-content\/uploads\/2025\/07\/Capture-decran-2025-07-13-134822-1-1024x540.png 1024w, https:\/\/consuladoespanolfrancia.com\/wp-content\/uploads\/2025\/07\/Capture-decran-2025-07-13-134822-1-600x316.png 600w, https:\/\/consuladoespanolfrancia.com\/wp-content\/uploads\/2025\/07\/Capture-decran-2025-07-13-134822-1-300x158.png 300w, https:\/\/consuladoespanolfrancia.com\/wp-content\/uploads\/2025\/07\/Capture-decran-2025-07-13-134822-1-768x405.png 768w, https:\/\/consuladoespanolfrancia.com\/wp-content\/uploads\/2025\/07\/Capture-decran-2025-07-13-134822-1.png 1098w\" sizes=\"(max-width: 1024px) 100vw, 1024px\" \/>\t\t\t\t\t\t\t\t\t\t\t\t\t\t\t<\/div>\n\t\t\t\t<\/div>\n\t\t\t\t\t<\/div>\n\t\t\t\t<\/div>\n\t\t<div class=\"elementor-element elementor-element-908490f e-flex e-con-boxed e-con e-parent\" data-id=\"908490f\" data-element_type=\"container\" data-e-type=\"container\">\n\t\t\t\t\t<div class=\"e-con-inner\">\n\t\t<div class=\"elementor-element elementor-element-c95c797 e-con-full e-flex e-con e-child\" data-id=\"c95c797\" data-element_type=\"container\" data-e-type=\"container\">\n\t\t\t\t<div class=\"elementor-element elementor-element-a2b11bf elementor-widget elementor-widget-text-editor\" data-id=\"a2b11bf\" data-element_type=\"widget\" data-e-type=\"widget\" data-widget_type=\"text-editor.default\">\n\t\t\t\t<div class=\"elementor-widget-container\">\n\t\t\t\t\t\t\t\t\t<div style=\"border: 2px solid #e60026; border-radius: 10px; padding: 20px; background-color: #fff3f3; box-shadow: 0 0 10px rgba(0,0,0,0.1); font-family: Arial, sans-serif; max-width: 600px; margin: auto;\"><h2 style=\"color: #e60026; text-align: center; font-size: 26px; margin-bottom: 10px;\"><img decoding=\"async\" class=\"emoji\" role=\"img\" draggable=\"false\" src=\"https:\/\/s.w.org\/images\/core\/emoji\/15.1.0\/svg\/1f1ea-1f1f8.svg\" alt=\"\ud83c\uddea\ud83c\uddf8\" \/> Consulat g\u00e9n\u00e9ral \u00e0 Bayonne <img decoding=\"async\" class=\"emoji\" role=\"img\" draggable=\"false\" src=\"https:\/\/s.w.org\/images\/core\/emoji\/15.1.0\/svg\/1f1eb-1f1f7.svg\" alt=\"\ud83c\uddeb\ud83c\uddf7\" \/><\/h2><p style=\"color: #444; font-size: 16px; margin: 5px 0;\">\ud83d\udccd <strong>Adresse :<\/strong><br \/>R\u00e9sidence du Parc 4, Av. du B.A.B.<br \/>64100 Bayonne<\/p><p style=\"color: #444; font-size: 16px; margin: 5px 0;\">\ud83d\udcde <strong>Num\u00e9ros de t\u00e9l\u00e9phone :<\/strong><br \/>00 33 (0) 5 59 59 03 91 \/ 05 59 59 38 91<\/p><p style=\"color: #444; font-size: 16px; margin: 5px 0;\">\ud83d\udce0 <strong>Fax :<\/strong> 00 33 (0) 5 59 25 73 09<\/p><p style=\"color: #444; font-size: 16px; margin: 5px 0;\">\ud83d\udce7 <strong>Adresse e-mail :<\/strong><br \/><a style=\"color: #d89c00; text-decoration: none;\" href=\"mailto:cog.bayona@maec.es\">cog.bayona@maec.es<\/a><\/p><p style=\"color: #444; font-size: 16px; margin: 5px 0;\">\ud83c\udf10 <strong>Site web :<\/strong><a style=\"color: #d89c00; text-decoration: none;\" href=\"https:\/\/www.exteriores.gob.es\/Consulados\/bayona\/es\/Paginas\/index.aspx\" target=\"_blank\" rel=\"noopener\"><br \/>Acc\u00e9der au site officiel du consulat<br \/><\/a><\/p><p style=\"color: #444; font-size: 16px; margin: 5px 0;\">\ud83d\udc64 <strong>Consul g\u00e9n\u00e9ral :<\/strong> M. Fernando Carderera Soler<\/p><p style=\"color: #444; font-size: 16px; margin: 5px 0;\">\u260e\ufe0f <strong>\ud83d\udea8 Urgences consulaires<\/strong><br \/>Depuis la France : 06 74 97 16 16 91<br \/>Depuis l'Espagne : 0033 674 97 16 91<\/p><p style=\"color: #444; font-size: 16px; margin: 5px 0;\">\ud83d\uddfa\ufe0f <strong>Circonscriptions :<\/strong> 64 &#8211; 40<\/p><\/div>\t\t\t\t\t\t\t\t<\/div>\n\t\t\t\t<\/div>\n\t\t\t\t<\/div>\n\t\t<div class=\"elementor-element elementor-element-adb459e e-con-full e-flex e-con e-child\" data-id=\"adb459e\" data-element_type=\"container\" data-e-type=\"container\">\n\t\t\t\t<div class=\"elementor-element elementor-element-983cddb elementor-widget elementor-widget-image\" data-id=\"983cddb\" data-element_type=\"widget\" data-e-type=\"widget\" data-widget_type=\"image.default\">\n\t\t\t\t<div class=\"elementor-widget-container\">\n\t\t\t\t\t\t\t\t\t\t\t\t<figure class=\"wp-caption\">\n\t\t\t\t\t\t\t\t\t\t\t<a href=\"https:\/\/www.google.com\/maps\/dir\/\/5+r%C3%A9sidence+du+Parc,+4+Bd+du+BAB,+64100+Bayonne\/@43.4952166,-1.5637665,12z\/data=!4m8!4m7!1m0!1m5!1m1!1s0xd5140f59b4762f7:0xabc112d257f19fd3!2m2!1d-1.4813658!2d43.4952462?entry=ttu&#038;g_ep=EgoyMDI1MDcwOS4wIKXMDSoASAFQAw%3D%3D\">\n\t\t\t\t\t\t\t<img decoding=\"async\" src=\"https:\/\/consuladoespanolfrancia.com\/wp-content\/uploads\/elementor\/thumbs\/ChatGPT-Image-13-jul-2025-23_52_30-r8pu4mel9dt8obwbqjl8r8nktmakbr4apnbsjh1ayo.png\" title=\"ChatGPT Image 13 jul 2025, 23_52_30\" alt=\"ChatGPT Image 13 jul 2025, 23_52_30\" loading=\"lazy\" \/>\t\t\t\t\t\t\t\t<\/a>\n\t\t\t\t\t\t\t\t\t\t\t<figcaption class=\"widget-image-caption wp-caption-text\"><\/figcaption>\n\t\t\t\t\t\t\t\t\t\t<\/figure>\n\t\t\t\t\t\t\t\t\t<\/div>\n\t\t\t\t<\/div>\n\t\t\t\t<\/div>\n\t\t\t\t\t<\/div>\n\t\t\t\t<\/div>\n\t\t<div class=\"elementor-element elementor-element-2afb715 e-flex e-con-boxed e-con e-parent\" data-id=\"2afb715\" data-element_type=\"container\" data-e-type=\"container\">\n\t\t\t\t\t<div class=\"e-con-inner\">\n\t\t\t\t<div class=\"elementor-element elementor-element-2ec4fc8 elementor-widget elementor-widget-text-editor\" data-id=\"2ec4fc8\" data-element_type=\"widget\" data-e-type=\"widget\" data-widget_type=\"text-editor.default\">\n\t\t\t\t<div class=\"elementor-widget-container\">\n\t\t\t\t\t\t\t\t\t<p><!-- BLOQUE INFORMATIVO PARA BAYONA --><\/p>\n<div style=\"border: 2px solid #e60026; border-radius: 10px; padding: 25px; background-color: #fffaf9; box-shadow: 0 0 12px rgba(0,0,0,0.05); font-family: 'Segoe UI', sans-serif; max-width: 900px; margin: auto;\">\n<h2 style=\"text-align: center; font-size: 26px; color: #e60026; margin-bottom: 20px;\"><span style=\"color: rgb(51, 51, 51); font-size: 16px; font-style: inherit; font-weight: inherit; text-align: justify; font-family: &quot;Segoe UI&quot;, sans-serif;\">Le Consulat g\u00e9n\u00e9ral d\u2019Espagne \u00e0 Bayonne se situe dans une ville au riche pass\u00e9 historique, implant\u00e9e au Pays basque fran\u00e7ais, tout pr\u00e8s de la fronti\u00e8re. Sa localisation centrale en fait un point essentiel d\u2019accueil pour les r\u00e9sidents et les voyageurs ayant des liens culturels et familiaux avec l\u2019Espagne.<\/span><\/h2>\n<div style=\"display: flex; flex-wrap: wrap; gap: 20px; margin-top: 25px;\">\n<p>    <!-- CURIOSIDADES --><\/p>\n<div style=\"flex: 1 1 280px; background-color: #ffecec; padding: 20px; border-left: 6px solid #e60026; border-radius: 6px;\">\n<h3 style=\"color: #3A4FFF; font-size: 20px; margin-bottom: 10px;\"><img decoding=\"async\" draggable=\"false\" role=\"img\" class=\"emoji\" alt=\"\ud83d\udccc\" src=\"https:\/\/s.w.org\/images\/core\/emoji\/16.0.1\/svg\/1f4cc.svg\"> Faits int\u00e9ressants<\/h3>\n<ul style=\"padding-left: 20px; color: #444; font-size: 15px; line-height: 1.6;\">\n<li>Bayonne fut le berceau du chocolat industriel en France : depuis 400 ans, elle est consid\u00e9r\u00e9e comme la capitale chocolati\u00e8re du pays.<\/li>\n<li>Son centre historique est travers\u00e9 par les rivi\u00e8res Nive et Adour et abrite trois quartiers dot\u00e9s chacun de leur propre ch\u00e2teau et de fortifications architecturales.&nbsp;<\/li>\n<li>La cath\u00e9drale Sainte-Marie, de style gothique, est inscrite au patrimoine mondial depuis 1998 ; plongez dans son clo\u00eetre m\u00e9di\u00e9val, l\u2019un des plus grands de France.<\/li>\n<\/ul>\n<\/div>\n<p>    <!-- CONSEJOS \u00daTILES --><\/p>\n<div style=\"flex: 1 1 280px; background-color: #eaf6ff; padding: 20px; border-left: 6px solid #3A4FFF; border-radius: 6px;\">\n<h3 style=\"color: #e60026; font-size: 20px; margin-bottom: 10px;\"><img decoding=\"async\" draggable=\"false\" role=\"img\" class=\"emoji\" alt=\"\ud83d\udca1\" src=\"https:\/\/s.w.org\/images\/core\/emoji\/16.0.1\/svg\/1f4a1.svg\"> Astuces pratiques<\/h3>\n<ul style=\"padding-left: 20px; color: #444; font-size: 15px; line-height: 1.6;\">\n<li>Consultez toujours le <a href=\"https:\/\/www.exteriores.gob.es\/Consulados\/bayona\/es\/Paginas\/index.aspx\" target=\"_blank\" style=\"color:#e60026; text-decoration: underline;\">site officiel du consulat<\/a> pour conna\u00eetre les horaires, la prise de rendez-vous et les d\u00e9marches actualis\u00e9es.<\/li>\n<li>Scannez et enregistrez vos documents importants avant toute d\u00e9marche afin de gagner du temps.<\/li>\n<li>L\u2019enregistrement consulaire permet de simplifier vos d\u00e9marches ult\u00e9rieures.<\/li>\n<li>En cas d\u2019urgence (hospitalisation, accident grave), utilisez exclusivement la ligne indiqu\u00e9e sur leur site web.<\/li>\n<\/ul>\n<\/div>\n<\/div>\n<p>  <!-- CITA FINAL --><\/p>\n<div style=\"margin-top: 30px; background-color: #fff3d9; padding: 15px; border-left: 6px solid #FFD700; border-radius: 6px;\">\n<p style=\"color: #222; font-size: 16px; font-style: italic; line-height: 1.6;\">\n      \u00ab Bayonne est un joyau historique au bord de l\u2019Adour : son consulat accompagne et s\u2019inscrit dans cet h\u00e9ritage culturel depuis le c\u0153ur du Pays basque fran\u00e7ais. \u00bb\n    <\/p>\n<\/div>\n<\/div>\t\t\t\t\t\t\t\t<\/div>\n\t\t\t\t<\/div>\n\t\t\t\t\t<\/div>\n\t\t\t\t<\/div>\n\t\t\t\t<\/div>","protected":false},"excerpt":{"rendered":"<p>Consulado General en Bayona \ud83d\udccd Direcci\u00f3n:R\u00e9sidence du Parc 4, Av. du B.A.B.64100 Bayonne \ud83d\udcde Tel\u00e9fonos:00 33 (0) 5 59 59 03 91 \/ 05 59 59 38 91 \ud83d\udce0 Fax: 00 33 (0) 5 59 25 73 09 \ud83d\udce7 Correo electr\u00f3nico:cog.bayona@maec.es \ud83c\udf10 P\u00e1gina web:Acceder a la web oficial del Consulado \ud83d\udc64 C\u00f3nsul General: D. Fernando [&hellip;]<\/p>","protected":false},"author":1,"featured_media":0,"parent":0,"menu_order":0,"comment_status":"closed","ping_status":"closed","template":"","meta":{"_uag_custom_page_level_css":"","site-sidebar-layout":"no-sidebar","site-content-layout":"page-builder","ast-site-content-layout":"full-width-container","site-content-style":"unboxed","site-sidebar-style":"unboxed","ast-global-header-display":"","ast-banner-title-visibility":"","ast-main-header-display":"","ast-hfb-above-header-display":"","ast-hfb-below-header-display":"","ast-hfb-mobile-header-display":"","site-post-title":"disabled","ast-breadcrumbs-content":"","ast-featured-img":"disabled","footer-sml-layout":"","ast-disable-related-posts":"","theme-transparent-header-meta":"","adv-header-id-meta":"","stick-header-meta":"","header-above-stick-meta":"","header-main-stick-meta":"","header-below-stick-meta":"","astra-migrate-meta-layouts":"set","ast-page-background-enabled":"default","ast-page-background-meta":{"desktop":{"background-color":"","background-image":"","background-repeat":"repeat","background-position":"center center","background-size":"auto","background-attachment":"scroll","background-type":"","background-media":"","overlay-type":"","overlay-color":"","overlay-opacity":"","overlay-gradient":""},"tablet":{"background-color":"","background-image":"","background-repeat":"repeat","background-position":"center center","background-size":"auto","background-attachment":"scroll","background-type":"","background-media":"","overlay-type":"","overlay-color":"","overlay-opacity":"","overlay-gradient":""},"mobile":{"background-color":"","background-image":"","background-repeat":"repeat","background-position":"center center","background-size":"auto","background-attachment":"scroll","background-type":"","background-media":"","overlay-type":"","overlay-color":"","overlay-opacity":"","overlay-gradient":""}},"ast-content-background-meta":{"desktop":{"background-color":"var(--ast-global-color-5)","background-image":"","background-repeat":"repeat","background-position":"center center","background-size":"auto","background-attachment":"scroll","background-type":"","background-media":"","overlay-type":"","overlay-color":"","overlay-opacity":"","overlay-gradient":""},"tablet":{"background-color":"var(--ast-global-color-5)","background-image":"","background-repeat":"repeat","background-position":"center center","background-size":"auto","background-attachment":"scroll","background-type":"","background-media":"","overlay-type":"","overlay-color":"","overlay-opacity":"","overlay-gradient":""},"mobile":{"background-color":"var(--ast-global-color-5)","background-image":"","background-repeat":"repeat","background-position":"center center","background-size":"auto","background-attachment":"scroll","background-type":"","background-media":"","overlay-type":"","overlay-color":"","overlay-opacity":"","overlay-gradient":""}},"footnotes":""},"class_list":["post-2241","page","type-page","status-publish","hentry"],"yoast_head":"<!-- This site is optimized with the Yoast SEO plugin v27.4 - https:\/\/yoast.com\/product\/yoast-seo-wordpress\/ -->\n<title>P\u00e1gina Bayona - consuladoespanolfrancia.com<\/title>\n<meta name=\"description\" content=\"Consulado Espa\u00f1ol en Bayona. Consulta direcci\u00f3n, tel\u00e9fonos, emergencias, servicios y tr\u00e1mites consulares en el suroeste de Francia.\" \/>\n<meta name=\"robots\" content=\"index, follow, max-snippet:-1, max-image-preview:large, max-video-preview:-1\" \/>\n<link rel=\"canonical\" href=\"https:\/\/consuladoespanolfrancia.com\/fr\/bayona\/\" \/>\n<meta property=\"og:locale\" content=\"fr_FR\" \/>\n<meta property=\"og:type\" content=\"article\" \/>\n<meta property=\"og:title\" content=\"P\u00e1gina Bayona - consuladoespanolfrancia.com\" \/>\n<meta property=\"og:description\" content=\"Consulado Espa\u00f1ol en Bayona. Consulta direcci\u00f3n, tel\u00e9fonos, emergencias, servicios y tr\u00e1mites consulares en el suroeste de Francia.\" \/>\n<meta property=\"og:url\" content=\"https:\/\/consuladoespanolfrancia.com\/fr\/bayona\/\" \/>\n<meta property=\"og:site_name\" content=\"consuladoespanolfrancia.com\" \/>\n<meta property=\"article:modified_time\" content=\"2025-08-27T19:05:57+00:00\" \/>\n<meta property=\"og:image\" content=\"https:\/\/consuladoespanolfrancia.com\/wp-content\/uploads\/2025\/07\/Capture-decran-2025-07-13-134822-1-1024x540.png\" \/>\n<meta name=\"twitter:card\" content=\"summary_large_image\" \/>\n<meta name=\"twitter:label1\" content=\"Dur\u00e9e de lecture estim\u00e9e\" \/>\n\t<meta name=\"twitter:data1\" content=\"3 minutes\" \/>\n<script type=\"application\/ld+json\" class=\"yoast-schema-graph\">{\"@context\":\"https:\\\/\\\/schema.org\",\"@graph\":[{\"@type\":\"WebPage\",\"@id\":\"https:\\\/\\\/consuladoespanolfrancia.com\\\/bayona\\\/\",\"url\":\"https:\\\/\\\/consuladoespanolfrancia.com\\\/bayona\\\/\",\"name\":\"P\u00e1gina Bayona - consuladoespanolfrancia.com\",\"isPartOf\":{\"@id\":\"https:\\\/\\\/consuladoespanolfrancia.com\\\/#website\"},\"primaryImageOfPage\":{\"@id\":\"https:\\\/\\\/consuladoespanolfrancia.com\\\/bayona\\\/#primaryimage\"},\"image\":{\"@id\":\"https:\\\/\\\/consuladoespanolfrancia.com\\\/bayona\\\/#primaryimage\"},\"thumbnailUrl\":\"https:\\\/\\\/consuladoespanolfrancia.com\\\/wp-content\\\/uploads\\\/2025\\\/07\\\/Capture-decran-2025-07-13-134822-1-1024x540.png\",\"datePublished\":\"2025-07-13T12:38:24+00:00\",\"dateModified\":\"2025-08-27T19:05:57+00:00\",\"description\":\"Consulado Espa\u00f1ol en Bayona. Consulta direcci\u00f3n, tel\u00e9fonos, emergencias, servicios y tr\u00e1mites consulares en el suroeste de Francia.\",\"breadcrumb\":{\"@id\":\"https:\\\/\\\/consuladoespanolfrancia.com\\\/bayona\\\/#breadcrumb\"},\"inLanguage\":\"fr-FR\",\"potentialAction\":[{\"@type\":\"ReadAction\",\"target\":[\"https:\\\/\\\/consuladoespanolfrancia.com\\\/bayona\\\/\"]}]},{\"@type\":\"ImageObject\",\"inLanguage\":\"fr-FR\",\"@id\":\"https:\\\/\\\/consuladoespanolfrancia.com\\\/bayona\\\/#primaryimage\",\"url\":\"https:\\\/\\\/consuladoespanolfrancia.com\\\/wp-content\\\/uploads\\\/2025\\\/07\\\/Capture-decran-2025-07-13-134822-1-1024x540.png\",\"contentUrl\":\"https:\\\/\\\/consuladoespanolfrancia.com\\\/wp-content\\\/uploads\\\/2025\\\/07\\\/Capture-decran-2025-07-13-134822-1-1024x540.png\"},{\"@type\":\"BreadcrumbList\",\"@id\":\"https:\\\/\\\/consuladoespanolfrancia.com\\\/bayona\\\/#breadcrumb\",\"itemListElement\":[{\"@type\":\"ListItem\",\"position\":1,\"name\":\"Inicio\",\"item\":\"https:\\\/\\\/consuladoespanolfrancia.com\\\/\"},{\"@type\":\"ListItem\",\"position\":2,\"name\":\"P\u00e1gina Bayona\"}]},{\"@type\":\"WebSite\",\"@id\":\"https:\\\/\\\/consuladoespanolfrancia.com\\\/#website\",\"url\":\"https:\\\/\\\/consuladoespanolfrancia.com\\\/\",\"name\":\"consuladoespanolfrancia.com\",\"description\":\"Tr\u00e1mites, ayuda y orientaci\u00f3n para ciudadanos espa\u00f1oles en Francia.\",\"publisher\":{\"@id\":\"https:\\\/\\\/consuladoespanolfrancia.com\\\/#organization\"},\"potentialAction\":[{\"@type\":\"SearchAction\",\"target\":{\"@type\":\"EntryPoint\",\"urlTemplate\":\"https:\\\/\\\/consuladoespanolfrancia.com\\\/?s={search_term_string}\"},\"query-input\":{\"@type\":\"PropertyValueSpecification\",\"valueRequired\":true,\"valueName\":\"search_term_string\"}}],\"inLanguage\":\"fr-FR\"},{\"@type\":\"Organization\",\"@id\":\"https:\\\/\\\/consuladoespanolfrancia.com\\\/#organization\",\"name\":\"consuladoespanolfrancia.com\",\"url\":\"https:\\\/\\\/consuladoespanolfrancia.com\\\/\",\"logo\":{\"@type\":\"ImageObject\",\"inLanguage\":\"fr-FR\",\"@id\":\"https:\\\/\\\/consuladoespanolfrancia.com\\\/#\\\/schema\\\/logo\\\/image\\\/\",\"url\":\"https:\\\/\\\/consuladoespanolfrancia.com\\\/wp-content\\\/uploads\\\/2025\\\/08\\\/Capture-decran-2025-08-27-200532.png\",\"contentUrl\":\"https:\\\/\\\/consuladoespanolfrancia.com\\\/wp-content\\\/uploads\\\/2025\\\/08\\\/Capture-decran-2025-08-27-200532.png\",\"width\":538,\"height\":207,\"caption\":\"consuladoespanolfrancia.com\"},\"image\":{\"@id\":\"https:\\\/\\\/consuladoespanolfrancia.com\\\/#\\\/schema\\\/logo\\\/image\\\/\"},\"sameAs\":[\"https:\\\/\\\/www.instagram.com\\\/ayudaconsularenfrancia\\\/?hl=es\"]}]}<\/script>\n<!-- \/ Yoast SEO plugin. -->","yoast_head_json":{"title":"P\u00e1gina Bayona - consuladoespanolfrancia.com","description":"Consulado Espa\u00f1ol en Bayona. Consulta direcci\u00f3n, tel\u00e9fonos, emergencias, servicios y tr\u00e1mites consulares en el suroeste de Francia.","robots":{"index":"index","follow":"follow","max-snippet":"max-snippet:-1","max-image-preview":"max-image-preview:large","max-video-preview":"max-video-preview:-1"},"canonical":"https:\/\/consuladoespanolfrancia.com\/fr\/bayona\/","og_locale":"fr_FR","og_type":"article","og_title":"P\u00e1gina Bayona - consuladoespanolfrancia.com","og_description":"Consulado Espa\u00f1ol en Bayona. Consulta direcci\u00f3n, tel\u00e9fonos, emergencias, servicios y tr\u00e1mites consulares en el suroeste de Francia.","og_url":"https:\/\/consuladoespanolfrancia.com\/fr\/bayona\/","og_site_name":"consuladoespanolfrancia.com","article_modified_time":"2025-08-27T19:05:57+00:00","og_image":[{"url":"https:\/\/consuladoespanolfrancia.com\/wp-content\/uploads\/2025\/07\/Capture-decran-2025-07-13-134822-1-1024x540.png","type":"","width":"","height":""}],"twitter_card":"summary_large_image","twitter_misc":{"Dur\u00e9e de lecture estim\u00e9e":"3 minutes"},"schema":{"@context":"https:\/\/schema.org","@graph":[{"@type":"WebPage","@id":"https:\/\/consuladoespanolfrancia.com\/bayona\/","url":"https:\/\/consuladoespanolfrancia.com\/bayona\/","name":"P\u00e1gina Bayona - consuladoespanolfrancia.com","isPartOf":{"@id":"https:\/\/consuladoespanolfrancia.com\/#website"},"primaryImageOfPage":{"@id":"https:\/\/consuladoespanolfrancia.com\/bayona\/#primaryimage"},"image":{"@id":"https:\/\/consuladoespanolfrancia.com\/bayona\/#primaryimage"},"thumbnailUrl":"https:\/\/consuladoespanolfrancia.com\/wp-content\/uploads\/2025\/07\/Capture-decran-2025-07-13-134822-1-1024x540.png","datePublished":"2025-07-13T12:38:24+00:00","dateModified":"2025-08-27T19:05:57+00:00","description":"Consulado Espa\u00f1ol en Bayona. Consulta direcci\u00f3n, tel\u00e9fonos, emergencias, servicios y tr\u00e1mites consulares en el suroeste de Francia.","breadcrumb":{"@id":"https:\/\/consuladoespanolfrancia.com\/bayona\/#breadcrumb"},"inLanguage":"fr-FR","potentialAction":[{"@type":"ReadAction","target":["https:\/\/consuladoespanolfrancia.com\/bayona\/"]}]},{"@type":"ImageObject","inLanguage":"fr-FR","@id":"https:\/\/consuladoespanolfrancia.com\/bayona\/#primaryimage","url":"https:\/\/consuladoespanolfrancia.com\/wp-content\/uploads\/2025\/07\/Capture-decran-2025-07-13-134822-1-1024x540.png","contentUrl":"https:\/\/consuladoespanolfrancia.com\/wp-content\/uploads\/2025\/07\/Capture-decran-2025-07-13-134822-1-1024x540.png"},{"@type":"BreadcrumbList","@id":"https:\/\/consuladoespanolfrancia.com\/bayona\/#breadcrumb","itemListElement":[{"@type":"ListItem","position":1,"name":"Inicio","item":"https:\/\/consuladoespanolfrancia.com\/"},{"@type":"ListItem","position":2,"name":"P\u00e1gina Bayona"}]},{"@type":"WebSite","@id":"https:\/\/consuladoespanolfrancia.com\/#website","url":"https:\/\/consuladoespanolfrancia.com\/","name":"consuladoespanolfrancia.com","description":"Tr\u00e1mites, ayuda y orientaci\u00f3n para ciudadanos espa\u00f1oles en Francia.","publisher":{"@id":"https:\/\/consuladoespanolfrancia.com\/#organization"},"potentialAction":[{"@type":"SearchAction","target":{"@type":"EntryPoint","urlTemplate":"https:\/\/consuladoespanolfrancia.com\/?s={search_term_string}"},"query-input":{"@type":"PropertyValueSpecification","valueRequired":true,"valueName":"search_term_string"}}],"inLanguage":"fr-FR"},{"@type":"Organization","@id":"https:\/\/consuladoespanolfrancia.com\/#organization","name":"consuladoespanolfrancia.com","url":"https:\/\/consuladoespanolfrancia.com\/","logo":{"@type":"ImageObject","inLanguage":"fr-FR","@id":"https:\/\/consuladoespanolfrancia.com\/#\/schema\/logo\/image\/","url":"https:\/\/consuladoespanolfrancia.com\/wp-content\/uploads\/2025\/08\/Capture-decran-2025-08-27-200532.png","contentUrl":"https:\/\/consuladoespanolfrancia.com\/wp-content\/uploads\/2025\/08\/Capture-decran-2025-08-27-200532.png","width":538,"height":207,"caption":"consuladoespanolfrancia.com"},"image":{"@id":"https:\/\/consuladoespanolfrancia.com\/#\/schema\/logo\/image\/"},"sameAs":["https:\/\/www.instagram.com\/ayudaconsularenfrancia\/?hl=es"]}]}},"uagb_featured_image_src":{"full":false,"thumbnail":false,"medium":false,"medium_large":false,"large":false,"1536x1536":false,"2048x2048":false,"trp-custom-language-flag":false,"woocommerce_thumbnail":false,"woocommerce_single":false,"woocommerce_gallery_thumbnail":false},"uagb_author_info":{"display_name":"adjemien.zacharie@gmail.com","author_link":"https:\/\/consuladoespanolfrancia.com\/fr\/author\/adjemien-zachariegmail-com\/"},"uagb_comment_info":0,"uagb_excerpt":"Consulado General en Bayona \ud83d\udccd Direcci\u00f3n:R\u00e9sidence du Parc 4, Av. du B.A.B.64100 Bayonne \ud83d\udcde Tel\u00e9fonos:00 33 (0) 5 59 59 03 91 \/ 05 59 59 38 91 \ud83d\udce0 Fax: 00 33 (0) 5 59 25 73 09 \ud83d\udce7 Correo electr\u00f3nico:cog.bayona@maec.es \ud83c\udf10 P\u00e1gina web:Acceder a la web oficial del Consulado \ud83d\udc64 C\u00f3nsul General: D. Fernando\u2026","jetpack_sharing_enabled":true,"_links":{"self":[{"href":"https:\/\/consuladoespanolfrancia.com\/fr\/wp-json\/wp\/v2\/pages\/2241","targetHints":{"allow":["GET"]}}],"collection":[{"href":"https:\/\/consuladoespanolfrancia.com\/fr\/wp-json\/wp\/v2\/pages"}],"about":[{"href":"https:\/\/consuladoespanolfrancia.com\/fr\/wp-json\/wp\/v2\/types\/page"}],"author":[{"embeddable":true,"href":"https:\/\/consuladoespanolfrancia.com\/fr\/wp-json\/wp\/v2\/users\/1"}],"replies":[{"embeddable":true,"href":"https:\/\/consuladoespanolfrancia.com\/fr\/wp-json\/wp\/v2\/comments?post=2241"}],"version-history":[{"count":32,"href":"https:\/\/consuladoespanolfrancia.com\/fr\/wp-json\/wp\/v2\/pages\/2241\/revisions"}],"predecessor-version":[{"id":2942,"href":"https:\/\/consuladoespanolfrancia.com\/fr\/wp-json\/wp\/v2\/pages\/2241\/revisions\/2942"}],"wp:attachment":[{"href":"https:\/\/consuladoespanolfrancia.com\/fr\/wp-json\/wp\/v2\/media?parent=2241"}],"curies":[{"name":"wp","href":"https:\/\/api.w.org\/{rel}","templated":true}]}}