{"id":2372,"date":"2025-07-24T19:42:55","date_gmt":"2025-07-24T19:42:55","guid":{"rendered":"https:\/\/consuladoespanolfrancia.com\/?page_id=2372"},"modified":"2025-08-27T19:38:46","modified_gmt":"2025-08-27T19:38:46","slug":"pau","status":"publish","type":"page","link":"https:\/\/consuladoespanolfrancia.com\/fr\/pau\/","title":{"rendered":"P\u00e1gina Pau"},"content":{"rendered":"<div data-elementor-type=\"wp-page\" data-elementor-id=\"2372\" class=\"elementor elementor-2372\">\n\t\t\t\t<div class=\"elementor-element elementor-element-d623fad e-flex e-con-boxed e-con e-parent\" data-id=\"d623fad\" data-element_type=\"container\" data-e-type=\"container\">\n\t\t\t\t\t<div class=\"e-con-inner\">\n\t\t\t\t<div class=\"elementor-element elementor-element-0ab2438 elementor-widget elementor-widget-image\" data-id=\"0ab2438\" data-element_type=\"widget\" data-e-type=\"widget\" data-widget_type=\"image.default\">\n\t\t\t\t<div class=\"elementor-widget-container\">\n\t\t\t\t\t\t\t\t\t\t\t\t\t\t\t<img fetchpriority=\"high\" decoding=\"async\" width=\"1024\" height=\"683\" src=\"https:\/\/consuladoespanolfrancia.com\/wp-content\/uploads\/2025\/07\/ChatGPT-Image-24-jul-2025-21_41_11-1024x683.png\" class=\"attachment-large size-large wp-image-2373\" alt=\"\" srcset=\"https:\/\/consuladoespanolfrancia.com\/wp-content\/uploads\/2025\/07\/ChatGPT-Image-24-jul-2025-21_41_11-1024x683.png 1024w, https:\/\/consuladoespanolfrancia.com\/wp-content\/uploads\/2025\/07\/ChatGPT-Image-24-jul-2025-21_41_11-600x400.png 600w, https:\/\/consuladoespanolfrancia.com\/wp-content\/uploads\/2025\/07\/ChatGPT-Image-24-jul-2025-21_41_11-300x200.png 300w, https:\/\/consuladoespanolfrancia.com\/wp-content\/uploads\/2025\/07\/ChatGPT-Image-24-jul-2025-21_41_11-768x512.png 768w, https:\/\/consuladoespanolfrancia.com\/wp-content\/uploads\/2025\/07\/ChatGPT-Image-24-jul-2025-21_41_11.png 1536w\" sizes=\"(max-width: 1024px) 100vw, 1024px\" \/>\t\t\t\t\t\t\t\t\t\t\t\t\t\t\t<\/div>\n\t\t\t\t<\/div>\n\t\t\t\t\t<\/div>\n\t\t\t\t<\/div>\n\t\t<div class=\"elementor-element elementor-element-908490f e-flex e-con-boxed e-con e-parent\" data-id=\"908490f\" data-element_type=\"container\" data-e-type=\"container\">\n\t\t\t\t\t<div class=\"e-con-inner\">\n\t\t<div class=\"elementor-element elementor-element-c95c797 e-con-full e-flex e-con e-child\" data-id=\"c95c797\" data-element_type=\"container\" data-e-type=\"container\">\n\t\t\t\t<div class=\"elementor-element elementor-element-a2b11bf elementor-widget elementor-widget-text-editor\" data-id=\"a2b11bf\" data-element_type=\"widget\" data-e-type=\"widget\" data-widget_type=\"text-editor.default\">\n\t\t\t\t<div class=\"elementor-widget-container\">\n\t\t\t\t\t\t\t\t\t<div style=\"border: 2px solid #e60026; border-radius: 10px; padding: 20px; background-color: #fff3f3; box-shadow: 0 0 10px rgba(0,0,0,0.1); font-family: Arial, sans-serif; max-width: 600px; margin: auto;\">\n  \n  <h2 style=\"color: #e60026; text-align: center; font-size: 26px; margin-bottom: 10px;\">\n    <img decoding=\"async\" class=\"emoji\" role=\"img\" draggable=\"false\" src=\"https:\/\/s.w.org\/images\/core\/emoji\/15.1.0\/svg\/1f1ea-1f1f8.svg\" alt=\"\ud83c\uddea\ud83c\uddf8\" \/>\n    Consulat g\u00e9n\u00e9ral \u00e0 Pau\n    <img decoding=\"async\" class=\"emoji\" role=\"img\" draggable=\"false\" src=\"https:\/\/s.w.org\/images\/core\/emoji\/15.1.0\/svg\/1f1eb-1f1f7.svg\" alt=\"\ud83c\uddeb\ud83c\uddf7\" \/>\n  <\/h2>\n  \n  <p style=\"color: #444; font-size: 16px; margin: 5px 0;\">\ud83d\udccd <strong>Adresse :<\/strong><br>\n    6, Place Royale<br>\n    64000 Pau<\/p>\n  \n  <p style=\"color: #444; font-size: 16px; margin: 5px 0;\">\ud83d\udcde <strong>T\u00e9l\u00e9phone :<\/strong> 00 33 (0) 5 59 27 32 40<\/p>\n  <p style=\"color: #444; font-size: 16px; margin: 5px 0;\">\ud83d\udce0 <strong>Fax :<\/strong> 00 33 (0) 5 59 83 86 31<\/p>\n  \n  <p style=\"color: #444; font-size: 16px; margin: 5px 0;\">\ud83d\udce7 <strong>Adresse e-mail :<\/strong>\n    <a style=\"color: #d89c00; text-decoration: none;\" href=\"mailto:cog.pau@maec.es\">cog.pau@maec.es<\/a>\n  <\/p>\n  \n  <p style=\"color: #444; font-size: 16px; margin: 5px 0;\">\ud83c\udf10 <strong>Site web :<\/strong>\n    <a style=\"color: #d89c00; text-decoration: none;\" href=\"https:\/\/www.exteriores.gob.es\/Consulados\/pau\/es\/Paginas\/index.aspx\" target=\"_blank\" rel=\"noopener\">\n      Acc\u00e9der au site officiel du consulat\n    <\/a>\n  <\/p>\n\n  <p style=\"color: #444; font-size: 16px; margin: 5px 0;\">\ud83d\udc64 <strong>Consul g\u00e9n\u00e9ral :<\/strong> M. Alberto Carnero Fern\u00e1ndez<\/p>\n\n  <p style=\"color: #444; font-size: 16px; margin: 5px 0;\">\u260e\ufe0f <strong>\ud83d\udea8 Urgences consulaires<\/strong><br>\n    Depuis la France : 06 88 58 07 06<br>\n    Depuis l'Espagne : 0033 688 58 07 06\n  <\/p>\n\n  <p style=\"color: #444; font-size: 16px; margin: 5px 0;\">\ud83d\uddfa\ufe0f <strong>Circonscriptions :<\/strong> 32 &#8211; 65 &#8211; 64<\/p>\n<\/div>\n\t\t\t\t\t\t\t\t<\/div>\n\t\t\t\t<\/div>\n\t\t\t\t<\/div>\n\t\t<div class=\"elementor-element elementor-element-adb459e e-con-full e-flex e-con e-child\" data-id=\"adb459e\" data-element_type=\"container\" data-e-type=\"container\">\n\t\t\t\t<div class=\"elementor-element elementor-element-983cddb elementor-widget elementor-widget-image\" data-id=\"983cddb\" data-element_type=\"widget\" data-e-type=\"widget\" data-widget_type=\"image.default\">\n\t\t\t\t<div class=\"elementor-widget-container\">\n\t\t\t\t\t\t\t\t\t\t\t\t<figure class=\"wp-caption\">\n\t\t\t\t\t\t\t\t\t\t\t<a href=\"https:\/\/www.google.com\/maps\/dir\/\/5+r%C3%A9sidence+du+Parc,+4+Bd+du+BAB,+64100+Bayonne\/@43.4952166,-1.5637665,12z\/data=!4m8!4m7!1m0!1m5!1m1!1s0xd5140f59b4762f7:0xabc112d257f19fd3!2m2!1d-1.4813658!2d43.4952462?entry=ttu&#038;g_ep=EgoyMDI1MDcwOS4wIKXMDSoASAFQAw%3D%3D\">\n\t\t\t\t\t\t\t<img decoding=\"async\" src=\"https:\/\/consuladoespanolfrancia.com\/wp-content\/uploads\/elementor\/thumbs\/ChatGPT-Image-24-jul-2025-20_32_38-r98tr4satdquopran2maxd3h7q7wai520d60bksbsw.png\" title=\"ChatGPT Image 24 jul 2025, 20_32_38\" alt=\"ChatGPT Image 24 jul 2025, 20_32_38\" loading=\"lazy\" \/>\t\t\t\t\t\t\t\t<\/a>\n\t\t\t\t\t\t\t\t\t\t\t<figcaption class=\"widget-image-caption wp-caption-text\"><\/figcaption>\n\t\t\t\t\t\t\t\t\t\t<\/figure>\n\t\t\t\t\t\t\t\t\t<\/div>\n\t\t\t\t<\/div>\n\t\t\t\t<\/div>\n\t\t\t\t\t<\/div>\n\t\t\t\t<\/div>\n\t\t<div class=\"elementor-element elementor-element-038af13 e-flex e-con-boxed e-con e-parent\" data-id=\"038af13\" data-element_type=\"container\" data-e-type=\"container\">\n\t\t\t\t\t<div class=\"e-con-inner\">\n\t\t\t\t<div class=\"elementor-element elementor-element-e4be076 elementor-widget elementor-widget-text-editor\" data-id=\"e4be076\" data-element_type=\"widget\" data-e-type=\"widget\" data-widget_type=\"text-editor.default\">\n\t\t\t\t<div class=\"elementor-widget-container\">\n\t\t\t\t\t\t\t\t\t<div style=\"border: 2px solid #e60026; border-radius: 10px; padding: 25px; background-color: #fffaf9; box-shadow: 0 0 12px rgba(0,0,0,0.05); font-family: 'Segoe UI', sans-serif; max-width: 900px; margin: auto;\"><h2 style=\"text-align: center; font-size: 26px; color: #e60026; margin-bottom: 20px;\"><span style=\"color: #333333; font-size: 16px; font-style: inherit; font-weight: inherit; text-align: justify; font-family: 'Segoe UI', sans-serif;\">\u00ab Le Consulat g\u00e9n\u00e9ral d\u2019Espagne \u00e0 Pau se trouve dans une ville marqu\u00e9e par l\u2019h\u00e9ritage basco-navarrais, situ\u00e9e entre les Pyr\u00e9n\u00e9es et l\u2019Atlantique. Son emplacement en fait un point de r\u00e9f\u00e9rence essentiel pour les Espagnols r\u00e9sidant dans la r\u00e9gion, les voyageurs et ceux qui traversent la fronti\u00e8re pour \u00e9tudier ou travailler. \u00bb<\/span><\/h2><div style=\"display: flex; flex-wrap: wrap; gap: 20px; margin-top: 25px;\"><p><!-- CURIOSIDADES --><\/p><div style=\"flex: 1 1 280px; background-color: #ffecec; padding: 20px; border-left: 6px solid #e60026; border-radius: 6px;\"><h3 style=\"color: #3a4fff; font-size: 20px; margin-bottom: 10px;\"><img decoding=\"async\" class=\"emoji\" role=\"img\" draggable=\"false\" src=\"https:\/\/s.w.org\/images\/core\/emoji\/16.0.1\/svg\/1f4cc.svg\" alt=\"\ud83d\udccc\" \/> Faits int\u00e9ressants<\/h3><ul style=\"padding-left: 20px; color: #444; font-size: 15px; line-height: 1.6;\"><li>Il est install\u00e9 dans un b\u00e2timent de style Second Empire (1869), ancienne demeure du \u201cCercle anglais\u201d, aujourd\u2019hui r\u00e9sidence des hauts fonctionnaires consulaires.<\/li><li>Pau est connue comme la \u201cville des rois\u201d : Henri IV y fut proclam\u00e9 roi de France dans son ch\u00e2teau en 1589, et la cit\u00e9 resta longtemps li\u00e9e \u00e0 la Monarchie de Navarre. Un style et une atmosph\u00e8re royales marquent encore son architecture.<\/li><li>Situ\u00e9e au c\u0153ur du B\u00e9arn, Pau offre des vues extraordinaires sur les Pyr\u00e9n\u00e9es, notamment depuis le c\u00e9l\u00e8bre Boulevard des Pyr\u00e9n\u00e9es, v\u00e9ritable point d\u2019attraction touristique.<\/li><\/ul><\/div><p><!-- CONSEJOS \u00daTILES --><\/p><div style=\"flex: 1 1 280px; background-color: #eaf6ff; padding: 20px; border-left: 6px solid #3A4FFF; border-radius: 6px;\"><h3 style=\"color: #e60026; font-size: 20px; margin-bottom: 10px;\"><img decoding=\"async\" class=\"emoji\" role=\"img\" draggable=\"false\" src=\"https:\/\/s.w.org\/images\/core\/emoji\/16.0.1\/svg\/1f4a1.svg\" alt=\"\ud83d\udca1\" \/> Astuces pratiques<\/h3><ul style=\"padding-left: 20px; color: #444; font-size: 15px; line-height: 1.6;\"><li>Le consulat re\u00e7oit uniquement sur rendez-vous, du lundi au vendredi de 9h00 \u00e0 13h00, et le premier samedi de chaque mois de 10h00 \u00e0 12h00.<\/li><li>Utilisez les bo\u00eetes mail th\u00e9matiques selon la d\u00e9marche (certificats, passeports\u2026). Vous trouverez les adresses sp\u00e9cifiques sur le site officiel du consulat.<\/li><li>Le num\u00e9ro d\u2019urgence consulaire (+33 6 88 58 07 06) est r\u00e9serv\u00e9 exclusivement aux situations graves telles que les hospitalisations ou les d\u00e9tentions.<\/li><li>Si vous r\u00e9sidez dans la r\u00e9gion, votre enregistrement consulaire vous permettra de faciliter vos d\u00e9marches futures et de recevoir l\u2019assistance n\u00e9cessaire le moment venu.<\/li><\/ul><\/div><\/div><p><!-- CITA FINAL --><\/p><div style=\"margin-top: 30px; background-color: #fff3d9; padding: 15px; border-left: 6px solid #FFD700; border-radius: 6px;\"><p style=\"color: #222; font-size: 16px; font-style: italic; line-height: 1.6;\">\u00ab Pau s\u00e9duit par son histoire, ses vues pyr\u00e9n\u00e9ennes et son c\u0153ur consulaire : ici, le consulat accompagne bien au-del\u00e0 des d\u00e9marches administratives. \u00bb<\/p><\/div><\/div>\t\t\t\t\t\t\t\t<\/div>\n\t\t\t\t<\/div>\n\t\t\t\t\t<\/div>\n\t\t\t\t<\/div>\n\t\t\t\t<\/div>","protected":false},"excerpt":{"rendered":"<p>Consulado General en Pau \ud83d\udccd Direcci\u00f3n: 6, Place Royale 64000 Pau \ud83d\udcde Tel\u00e9fono: 00 33 (0) 5 59 27 32 40 \ud83d\udce0 Fax: 00 33 (0) 5 59 83 86 31 \ud83d\udce7 Correo electr\u00f3nico: cog.pau@maec.es \ud83c\udf10 P\u00e1gina web: Acceder a la web oficial del Consulado \ud83d\udc64 C\u00f3nsul General: D. Alberto Carnero Fern\u00e1ndez \u260e\ufe0f Tel\u00e9fono de [&hellip;]<\/p>","protected":false},"author":1,"featured_media":0,"parent":0,"menu_order":0,"comment_status":"closed","ping_status":"closed","template":"","meta":{"_uag_custom_page_level_css":"","site-sidebar-layout":"default","site-content-layout":"","ast-site-content-layout":"default","site-content-style":"default","site-sidebar-style":"default","ast-global-header-display":"","ast-banner-title-visibility":"","ast-main-header-display":"","ast-hfb-above-header-display":"","ast-hfb-below-header-display":"","ast-hfb-mobile-header-display":"","site-post-title":"","ast-breadcrumbs-content":"","ast-featured-img":"","footer-sml-layout":"","ast-disable-related-posts":"","theme-transparent-header-meta":"","adv-header-id-meta":"","stick-header-meta":"","header-above-stick-meta":"","header-main-stick-meta":"","header-below-stick-meta":"","astra-migrate-meta-layouts":"set","ast-page-background-enabled":"default","ast-page-background-meta":{"desktop":{"background-color":"","background-image":"","background-repeat":"repeat","background-position":"center center","background-size":"auto","background-attachment":"scroll","background-type":"","background-media":"","overlay-type":"","overlay-color":"","overlay-opacity":"","overlay-gradient":""},"tablet":{"background-color":"","background-image":"","background-repeat":"repeat","background-position":"center center","background-size":"auto","background-attachment":"scroll","background-type":"","background-media":"","overlay-type":"","overlay-color":"","overlay-opacity":"","overlay-gradient":""},"mobile":{"background-color":"","background-image":"","background-repeat":"repeat","background-position":"center center","background-size":"auto","background-attachment":"scroll","background-type":"","background-media":"","overlay-type":"","overlay-color":"","overlay-opacity":"","overlay-gradient":""}},"ast-content-background-meta":{"desktop":{"background-color":"var(--ast-global-color-5)","background-image":"","background-repeat":"repeat","background-position":"center center","background-size":"auto","background-attachment":"scroll","background-type":"","background-media":"","overlay-type":"","overlay-color":"","overlay-opacity":"","overlay-gradient":""},"tablet":{"background-color":"var(--ast-global-color-5)","background-image":"","background-repeat":"repeat","background-position":"center center","background-size":"auto","background-attachment":"scroll","background-type":"","background-media":"","overlay-type":"","overlay-color":"","overlay-opacity":"","overlay-gradient":""},"mobile":{"background-color":"var(--ast-global-color-5)","background-image":"","background-repeat":"repeat","background-position":"center center","background-size":"auto","background-attachment":"scroll","background-type":"","background-media":"","overlay-type":"","overlay-color":"","overlay-opacity":"","overlay-gradient":""}},"footnotes":""},"class_list":["post-2372","page","type-page","status-publish","hentry"],"yoast_head":"<!-- This site is optimized with the Yoast SEO plugin v27.4 - https:\/\/yoast.com\/product\/yoast-seo-wordpress\/ -->\n<title>P\u00e1gina Pau - consuladoespanolfrancia.com<\/title>\n<meta name=\"description\" content=\"Consulado Espa\u00f1ol en Pau. Consulta direcci\u00f3n, contacto, emergencias y servicios consulares para espa\u00f1oles en el noreste de Francia.\" \/>\n<meta name=\"robots\" content=\"index, follow, max-snippet:-1, max-image-preview:large, max-video-preview:-1\" \/>\n<link rel=\"canonical\" href=\"https:\/\/consuladoespanolfrancia.com\/fr\/pau\/\" \/>\n<meta property=\"og:locale\" content=\"fr_FR\" \/>\n<meta property=\"og:type\" content=\"article\" \/>\n<meta property=\"og:title\" content=\"P\u00e1gina Pau - consuladoespanolfrancia.com\" \/>\n<meta property=\"og:description\" content=\"Consulado Espa\u00f1ol en Pau. Consulta direcci\u00f3n, contacto, emergencias y servicios consulares para espa\u00f1oles en el noreste de Francia.\" \/>\n<meta property=\"og:url\" content=\"https:\/\/consuladoespanolfrancia.com\/fr\/pau\/\" \/>\n<meta property=\"og:site_name\" content=\"consuladoespanolfrancia.com\" \/>\n<meta property=\"article:modified_time\" content=\"2025-08-27T19:38:46+00:00\" \/>\n<meta property=\"og:image\" content=\"https:\/\/consuladoespanolfrancia.com\/wp-content\/uploads\/2025\/07\/ChatGPT-Image-24-jul-2025-21_41_11-1024x683.png\" \/>\n<meta name=\"twitter:card\" content=\"summary_large_image\" \/>\n<meta name=\"twitter:label1\" content=\"Dur\u00e9e de lecture estim\u00e9e\" \/>\n\t<meta name=\"twitter:data1\" content=\"3 minutes\" \/>\n<script type=\"application\/ld+json\" class=\"yoast-schema-graph\">{\"@context\":\"https:\\\/\\\/schema.org\",\"@graph\":[{\"@type\":\"WebPage\",\"@id\":\"https:\\\/\\\/consuladoespanolfrancia.com\\\/pau\\\/\",\"url\":\"https:\\\/\\\/consuladoespanolfrancia.com\\\/pau\\\/\",\"name\":\"P\u00e1gina Pau - consuladoespanolfrancia.com\",\"isPartOf\":{\"@id\":\"https:\\\/\\\/consuladoespanolfrancia.com\\\/#website\"},\"primaryImageOfPage\":{\"@id\":\"https:\\\/\\\/consuladoespanolfrancia.com\\\/pau\\\/#primaryimage\"},\"image\":{\"@id\":\"https:\\\/\\\/consuladoespanolfrancia.com\\\/pau\\\/#primaryimage\"},\"thumbnailUrl\":\"https:\\\/\\\/consuladoespanolfrancia.com\\\/wp-content\\\/uploads\\\/2025\\\/07\\\/ChatGPT-Image-24-jul-2025-21_41_11-1024x683.png\",\"datePublished\":\"2025-07-24T19:42:55+00:00\",\"dateModified\":\"2025-08-27T19:38:46+00:00\",\"description\":\"Consulado Espa\u00f1ol en Pau. Consulta direcci\u00f3n, contacto, emergencias y servicios consulares para espa\u00f1oles en el noreste de Francia.\",\"breadcrumb\":{\"@id\":\"https:\\\/\\\/consuladoespanolfrancia.com\\\/pau\\\/#breadcrumb\"},\"inLanguage\":\"fr-FR\",\"potentialAction\":[{\"@type\":\"ReadAction\",\"target\":[\"https:\\\/\\\/consuladoespanolfrancia.com\\\/pau\\\/\"]}]},{\"@type\":\"ImageObject\",\"inLanguage\":\"fr-FR\",\"@id\":\"https:\\\/\\\/consuladoespanolfrancia.com\\\/pau\\\/#primaryimage\",\"url\":\"https:\\\/\\\/consuladoespanolfrancia.com\\\/wp-content\\\/uploads\\\/2025\\\/07\\\/ChatGPT-Image-24-jul-2025-21_41_11-1024x683.png\",\"contentUrl\":\"https:\\\/\\\/consuladoespanolfrancia.com\\\/wp-content\\\/uploads\\\/2025\\\/07\\\/ChatGPT-Image-24-jul-2025-21_41_11-1024x683.png\"},{\"@type\":\"BreadcrumbList\",\"@id\":\"https:\\\/\\\/consuladoespanolfrancia.com\\\/pau\\\/#breadcrumb\",\"itemListElement\":[{\"@type\":\"ListItem\",\"position\":1,\"name\":\"Inicio\",\"item\":\"https:\\\/\\\/consuladoespanolfrancia.com\\\/\"},{\"@type\":\"ListItem\",\"position\":2,\"name\":\"P\u00e1gina Pau\"}]},{\"@type\":\"WebSite\",\"@id\":\"https:\\\/\\\/consuladoespanolfrancia.com\\\/#website\",\"url\":\"https:\\\/\\\/consuladoespanolfrancia.com\\\/\",\"name\":\"consuladoespanolfrancia.com\",\"description\":\"Tr\u00e1mites, ayuda y orientaci\u00f3n para ciudadanos espa\u00f1oles en Francia.\",\"publisher\":{\"@id\":\"https:\\\/\\\/consuladoespanolfrancia.com\\\/#organization\"},\"potentialAction\":[{\"@type\":\"SearchAction\",\"target\":{\"@type\":\"EntryPoint\",\"urlTemplate\":\"https:\\\/\\\/consuladoespanolfrancia.com\\\/?s={search_term_string}\"},\"query-input\":{\"@type\":\"PropertyValueSpecification\",\"valueRequired\":true,\"valueName\":\"search_term_string\"}}],\"inLanguage\":\"fr-FR\"},{\"@type\":\"Organization\",\"@id\":\"https:\\\/\\\/consuladoespanolfrancia.com\\\/#organization\",\"name\":\"consuladoespanolfrancia.com\",\"url\":\"https:\\\/\\\/consuladoespanolfrancia.com\\\/\",\"logo\":{\"@type\":\"ImageObject\",\"inLanguage\":\"fr-FR\",\"@id\":\"https:\\\/\\\/consuladoespanolfrancia.com\\\/#\\\/schema\\\/logo\\\/image\\\/\",\"url\":\"https:\\\/\\\/consuladoespanolfrancia.com\\\/wp-content\\\/uploads\\\/2025\\\/08\\\/Capture-decran-2025-08-27-200532.png\",\"contentUrl\":\"https:\\\/\\\/consuladoespanolfrancia.com\\\/wp-content\\\/uploads\\\/2025\\\/08\\\/Capture-decran-2025-08-27-200532.png\",\"width\":538,\"height\":207,\"caption\":\"consuladoespanolfrancia.com\"},\"image\":{\"@id\":\"https:\\\/\\\/consuladoespanolfrancia.com\\\/#\\\/schema\\\/logo\\\/image\\\/\"},\"sameAs\":[\"https:\\\/\\\/www.instagram.com\\\/ayudaconsularenfrancia\\\/?hl=es\"]}]}<\/script>\n<!-- \/ Yoast SEO plugin. -->","yoast_head_json":{"title":"P\u00e1gina Pau - consuladoespanolfrancia.com","description":"Consulado Espa\u00f1ol en Pau. Consulta direcci\u00f3n, contacto, emergencias y servicios consulares para espa\u00f1oles en el noreste de Francia.","robots":{"index":"index","follow":"follow","max-snippet":"max-snippet:-1","max-image-preview":"max-image-preview:large","max-video-preview":"max-video-preview:-1"},"canonical":"https:\/\/consuladoespanolfrancia.com\/fr\/pau\/","og_locale":"fr_FR","og_type":"article","og_title":"P\u00e1gina Pau - consuladoespanolfrancia.com","og_description":"Consulado Espa\u00f1ol en Pau. Consulta direcci\u00f3n, contacto, emergencias y servicios consulares para espa\u00f1oles en el noreste de Francia.","og_url":"https:\/\/consuladoespanolfrancia.com\/fr\/pau\/","og_site_name":"consuladoespanolfrancia.com","article_modified_time":"2025-08-27T19:38:46+00:00","og_image":[{"url":"https:\/\/consuladoespanolfrancia.com\/wp-content\/uploads\/2025\/07\/ChatGPT-Image-24-jul-2025-21_41_11-1024x683.png","type":"","width":"","height":""}],"twitter_card":"summary_large_image","twitter_misc":{"Dur\u00e9e de lecture estim\u00e9e":"3 minutes"},"schema":{"@context":"https:\/\/schema.org","@graph":[{"@type":"WebPage","@id":"https:\/\/consuladoespanolfrancia.com\/pau\/","url":"https:\/\/consuladoespanolfrancia.com\/pau\/","name":"P\u00e1gina Pau - consuladoespanolfrancia.com","isPartOf":{"@id":"https:\/\/consuladoespanolfrancia.com\/#website"},"primaryImageOfPage":{"@id":"https:\/\/consuladoespanolfrancia.com\/pau\/#primaryimage"},"image":{"@id":"https:\/\/consuladoespanolfrancia.com\/pau\/#primaryimage"},"thumbnailUrl":"https:\/\/consuladoespanolfrancia.com\/wp-content\/uploads\/2025\/07\/ChatGPT-Image-24-jul-2025-21_41_11-1024x683.png","datePublished":"2025-07-24T19:42:55+00:00","dateModified":"2025-08-27T19:38:46+00:00","description":"Consulado Espa\u00f1ol en Pau. Consulta direcci\u00f3n, contacto, emergencias y servicios consulares para espa\u00f1oles en el noreste de Francia.","breadcrumb":{"@id":"https:\/\/consuladoespanolfrancia.com\/pau\/#breadcrumb"},"inLanguage":"fr-FR","potentialAction":[{"@type":"ReadAction","target":["https:\/\/consuladoespanolfrancia.com\/pau\/"]}]},{"@type":"ImageObject","inLanguage":"fr-FR","@id":"https:\/\/consuladoespanolfrancia.com\/pau\/#primaryimage","url":"https:\/\/consuladoespanolfrancia.com\/wp-content\/uploads\/2025\/07\/ChatGPT-Image-24-jul-2025-21_41_11-1024x683.png","contentUrl":"https:\/\/consuladoespanolfrancia.com\/wp-content\/uploads\/2025\/07\/ChatGPT-Image-24-jul-2025-21_41_11-1024x683.png"},{"@type":"BreadcrumbList","@id":"https:\/\/consuladoespanolfrancia.com\/pau\/#breadcrumb","itemListElement":[{"@type":"ListItem","position":1,"name":"Inicio","item":"https:\/\/consuladoespanolfrancia.com\/"},{"@type":"ListItem","position":2,"name":"P\u00e1gina Pau"}]},{"@type":"WebSite","@id":"https:\/\/consuladoespanolfrancia.com\/#website","url":"https:\/\/consuladoespanolfrancia.com\/","name":"consuladoespanolfrancia.com","description":"Tr\u00e1mites, ayuda y orientaci\u00f3n para ciudadanos espa\u00f1oles en Francia.","publisher":{"@id":"https:\/\/consuladoespanolfrancia.com\/#organization"},"potentialAction":[{"@type":"SearchAction","target":{"@type":"EntryPoint","urlTemplate":"https:\/\/consuladoespanolfrancia.com\/?s={search_term_string}"},"query-input":{"@type":"PropertyValueSpecification","valueRequired":true,"valueName":"search_term_string"}}],"inLanguage":"fr-FR"},{"@type":"Organization","@id":"https:\/\/consuladoespanolfrancia.com\/#organization","name":"consuladoespanolfrancia.com","url":"https:\/\/consuladoespanolfrancia.com\/","logo":{"@type":"ImageObject","inLanguage":"fr-FR","@id":"https:\/\/consuladoespanolfrancia.com\/#\/schema\/logo\/image\/","url":"https:\/\/consuladoespanolfrancia.com\/wp-content\/uploads\/2025\/08\/Capture-decran-2025-08-27-200532.png","contentUrl":"https:\/\/consuladoespanolfrancia.com\/wp-content\/uploads\/2025\/08\/Capture-decran-2025-08-27-200532.png","width":538,"height":207,"caption":"consuladoespanolfrancia.com"},"image":{"@id":"https:\/\/consuladoespanolfrancia.com\/#\/schema\/logo\/image\/"},"sameAs":["https:\/\/www.instagram.com\/ayudaconsularenfrancia\/?hl=es"]}]}},"uagb_featured_image_src":{"full":false,"thumbnail":false,"medium":false,"medium_large":false,"large":false,"1536x1536":false,"2048x2048":false,"trp-custom-language-flag":false,"woocommerce_thumbnail":false,"woocommerce_single":false,"woocommerce_gallery_thumbnail":false},"uagb_author_info":{"display_name":"adjemien.zacharie@gmail.com","author_link":"https:\/\/consuladoespanolfrancia.com\/fr\/author\/adjemien-zachariegmail-com\/"},"uagb_comment_info":0,"uagb_excerpt":"Consulado General en Pau \ud83d\udccd Direcci\u00f3n: 6, Place Royale 64000 Pau \ud83d\udcde Tel\u00e9fono: 00 33 (0) 5 59 27 32 40 \ud83d\udce0 Fax: 00 33 (0) 5 59 83 86 31 \ud83d\udce7 Correo electr\u00f3nico: cog.pau@maec.es \ud83c\udf10 P\u00e1gina web: Acceder a la web oficial del Consulado \ud83d\udc64 C\u00f3nsul General: D. Alberto Carnero Fern\u00e1ndez \u260e\ufe0f Tel\u00e9fono de\u2026","jetpack_sharing_enabled":true,"_links":{"self":[{"href":"https:\/\/consuladoespanolfrancia.com\/fr\/wp-json\/wp\/v2\/pages\/2372","targetHints":{"allow":["GET"]}}],"collection":[{"href":"https:\/\/consuladoespanolfrancia.com\/fr\/wp-json\/wp\/v2\/pages"}],"about":[{"href":"https:\/\/consuladoespanolfrancia.com\/fr\/wp-json\/wp\/v2\/types\/page"}],"author":[{"embeddable":true,"href":"https:\/\/consuladoespanolfrancia.com\/fr\/wp-json\/wp\/v2\/users\/1"}],"replies":[{"embeddable":true,"href":"https:\/\/consuladoespanolfrancia.com\/fr\/wp-json\/wp\/v2\/comments?post=2372"}],"version-history":[{"count":22,"href":"https:\/\/consuladoespanolfrancia.com\/fr\/wp-json\/wp\/v2\/pages\/2372\/revisions"}],"predecessor-version":[{"id":2951,"href":"https:\/\/consuladoespanolfrancia.com\/fr\/wp-json\/wp\/v2\/pages\/2372\/revisions\/2951"}],"wp:attachment":[{"href":"https:\/\/consuladoespanolfrancia.com\/fr\/wp-json\/wp\/v2\/media?parent=2372"}],"curies":[{"name":"wp","href":"https:\/\/api.w.org\/{rel}","templated":true}]}}